{"id":8,"date":"2010-11-06T21:20:38","date_gmt":"2010-11-06T21:20:38","guid":{"rendered":"http:\/\/www.smykprzedszkole.com.pl\/stawowa\/"},"modified":"2025-02-20T18:41:25","modified_gmt":"2025-02-20T18:41:25","slug":"kadra","status":"publish","type":"page","link":"https:\/\/www.smykprzedszkole.com.pl\/stawowa\/kadra\/","title":{"rendered":"Kadra"},"content":{"rendered":"<p>[et_pb_section fb_built=&#8221;1&#8243; _builder_version=&#8221;4.16&#8243; _module_preset=&#8221;default&#8221; global_colors_info=&#8221;{}&#8221;][et_pb_row column_structure=&#8221;2_5,3_5&#8243; _builder_version=&#8221;4.16&#8243; _module_preset=&#8221;default&#8221; width=&#8221;100%&#8221; max_width=&#8221;90%&#8221; global_colors_info=&#8221;{}&#8221;][et_pb_column type=&#8221;2_5&#8243; _builder_version=&#8221;4.16&#8243; _module_preset=&#8221;default&#8221; global_colors_info=&#8221;{}&#8221;][et_pb_image src=&#8221;https:\/\/www.smykprzedszkole.com.pl\/stawowa\/files\/2021\/06\/kadra.jpg&#8221; title_text=&#8221;Child painting with mum.&#8221; _builder_version=&#8221;4.16&#8243; _module_preset=&#8221;default&#8221; animation_style=&#8221;fold&#8221; animation_direction=&#8221;bottom&#8221; border_radii=&#8221;off|50px||50px|&#8221; border_width_top=&#8221;4px&#8221; border_color_top=&#8221;gcid-cbf296af-5377-4257-8cc2-dac943cb2d49&#8243; border_width_right=&#8221;4px&#8221; border_color_right=&#8221;gcid-a831910f-8668-428f-9229-68effa3f6744&#8243; global_colors_info=&#8221;{%22gcid-cbf296af-5377-4257-8cc2-dac943cb2d49%22:%91%22border_color_top%22%93,%22gcid-a831910f-8668-428f-9229-68effa3f6744%22:%91%22border_color_right%22%93}&#8221;][\/et_pb_image][\/et_pb_column][et_pb_column type=&#8221;3_5&#8243; _builder_version=&#8221;4.16&#8243; _module_preset=&#8221;default&#8221; global_colors_info=&#8221;{}&#8221;][et_pb_text_divider cwp_select_style=&#8221;fancy&#8221; cwp_style_fancy=&#8221;wavy&#8221; divider_title=&#8221;Kadra&#8221; _builder_version=&#8221;4.16&#8243; _module_preset=&#8221;default&#8221; header_text_level=&#8221;h1&#8243; header_text_font=&#8221;Combo|700|||||||&#8221; header_text_text_color=&#8221;gcid-3b8c3e40-536d-45e6-8ede-6833e503613c&#8221; header_text_font_size=&#8221;35px&#8221; custom_margin=&#8221;||3px|||&#8221; locked=&#8221;off&#8221; global_colors_info=&#8221;{%22gcid-3b8c3e40-536d-45e6-8ede-6833e503613c%22:%91%22header_text_text_color%22%93}&#8221;][\/et_pb_text_divider][et_pb_text _builder_version=&#8221;4.27.4&#8243; _module_preset=&#8221;default&#8221; text_font=&#8221;Lato||||||||&#8221; text_text_color=&#8221;#000000&#8243; text_font_size=&#8221;15px&#8221; header_font=&#8221;Combo|700|||||||&#8221; header_text_align=&#8221;center&#8221; header_text_color=&#8221;gcid-cbf296af-5377-4257-8cc2-dac943cb2d49&#8243; header_font_size=&#8221;35px&#8221; custom_margin=&#8221;||6px|||&#8221; animation_style=&#8221;slide&#8221; animation_direction=&#8221;right&#8221; global_colors_info=&#8221;{%22gcid-cbf296af-5377-4257-8cc2-dac943cb2d49%22:%91%22header_text_color%22%93}&#8221;]<\/p>\n<h1><b>Kadra Przedszkola Smyk \u2013 z pasj\u0105, empati\u0105 i zaanga\u017cowaniem.<\/b><\/h1>\n<p>[\/et_pb_text][et_pb_text _builder_version=&#8221;4.27.4&#8243; _module_preset=&#8221;default&#8221; text_font=&#8221;Combo||||||||&#8221; text_text_color=&#8221;#000000&#8243; text_font_size=&#8221;15px&#8221; global_colors_info=&#8221;{}&#8221;]<\/p>\n<div>Nasi nauczyciele \u2013 przewodnicy po \u015bwiecie emocji i wiedzy<\/div>\n<div><\/div>\n<div>\ud83d\udc69\u200d\ud83c\udfeb Nauczycielki Smyka to osoby, kt\u00f3re:<\/div>\n<div>\u2714 Pracuj\u0105 zgodnie z filozofi\u0105 Pozytywnej Dyscypliny \u2013 pomagaj\u0105 dzieciom rozwija\u0107 samodzielno\u015b\u0107, poczucie sprawczo\u015bci i odpowiedzialno\u015bci poprzez budowanie zdrowych relacji, zamiast stosowania kar i nagr\u00f3d.<\/div>\n<div><\/div>\n<div>\u2714 Komunikuj\u0105 si\u0119 w duchu NVC (Porozumienia bez Przemocy) \u2013 ucz\u0105 dzieci rozpoznawania emocji, wyra\u017cania potrzeb i budowania bliskich, pe\u0142nych szacunku relacji z innymi.<\/div>\n<div><\/div>\n<div>\u2714 Stosuj\u0105 elementy Treningu Umiej\u0119tno\u015bci Spo\u0142ecznych (TUS) \u2013 wspieraj\u0105 dzieci w rozwijaniu kompetencji spo\u0142ecznych, takich jak wsp\u00f3\u0142praca, asertywno\u015b\u0107 i rozwi\u0105zywanie konflikt\u00f3w w spos\u00f3b pokojowy.<\/div>\n<div><\/div>\n<div>\u2714 Inspiruj\u0105 si\u0119 pedagogik\u0105 Reggio Emilia \u2013 tworz\u0105 przestrze\u0144, w kt\u00f3rej dzieci ucz\u0105 si\u0119 przez do\u015bwiadczenie, odkrywaj\u0105 swoje zainteresowania i rozwijaj\u0105 kreatywno\u015b\u0107, a nauczyciel pe\u0142ni rol\u0119 wspieraj\u0105cego przewodnika.<\/div>\n<div><\/div>\n<div>\u2714 Stosuj\u0105 glottodydaktyk\u0119 \u2013 wspieraj\u0105 rozw\u00f3j j\u0119zykowy dzieci w spos\u00f3b naturalny, poprzez zabaw\u0119 i aktywno\u015bci dostosowane do indywidualnych mo\u017cliwo\u015bci ka\u017cdego dziecka, pomagaj\u0105c w nauce czytania i pisania w spos\u00f3b anga\u017cuj\u0105cy i przyjazny.<\/div>\n<div><\/div>\n<div>\u2714 Podchodz\u0105 do ka\u017cdego dziecka indywidualnie \u2013 rozumiej\u0105, \u017ce ka\u017cde dziecko ma sw\u00f3j w\u0142asny rytm rozwoju i potrzeby, dlatego dostosowuj\u0105 metody pracy tak, by zapewni\u0107 maluchom poczucie bezpiecze\u0144stwa i komfortu.<\/div>\n<div><\/div>\n<div>\u2714 Dbaj\u0105 o atmosfer\u0119 pe\u0142n\u0105 ciep\u0142a i akceptacji \u2013 tworz\u0105 \u015brodowisko, w kt\u00f3rym dzieci czuj\u0105 si\u0119 wa\u017cne, rozumiane i wspierane w swoim rozwoju.<\/div>\n<p>[\/et_pb_text][\/et_pb_column][\/et_pb_row][\/et_pb_section][et_pb_section fb_built=&#8221;1&#8243; theme_builder_area=&#8221;post_content&#8221; _builder_version=&#8221;4.27.4&#8243; _module_preset=&#8221;default&#8221;][\/et_pb_section]<\/p>\n","protected":false},"excerpt":{"rendered":"<p>Kadra Przedszkola Smyk \u2013 z pasj\u0105, empati\u0105 i zaanga\u017cowaniem.Nasi nauczyciele \u2013 przewodnicy po \u015bwiecie emocji i wiedzy \ud83d\udc69\u200d\ud83c\udfeb Nauczycielki Smyka to osoby, kt\u00f3re: \u2714 Pracuj\u0105 zgodnie z filozofi\u0105 Pozytywnej Dyscypliny \u2013 pomagaj\u0105 dzieciom rozwija\u0107 samodzielno\u015b\u0107, poczucie sprawczo\u015bci i odpowiedzialno\u015bci poprzez budowanie zdrowych relacji, zamiast stosowania kar i nagr\u00f3d. \u2714 Komunikuj\u0105 si\u0119 w duchu NVC (Porozumienia [&hellip;]<\/p>\n","protected":false},"author":1,"featured_media":0,"parent":0,"menu_order":0,"comment_status":"closed","ping_status":"closed","template":"","meta":{"_et_pb_use_builder":"on","_et_pb_old_content":"<p style=\"text-align: justify\"><span style=\"color: #000000\">Wiedza, do\u015bwiadczenie, zabawa i pasja- to nas \u0142\u0105czy. Tworzymy wykszta\u0142cony, profesjonalny i kreatywny zesp\u00f3\u0142. Mamy ogromne szcz\u0119\u015bcie, bo robimy to, co umiemy i lubimy. Jeste\u015bmy kreatywni, ci\u0105gle poszukujemy i doskonalimy swoj\u0105 wiedz\u0119. \u015awiat si\u0119 zmienia, a my dotrzymujemy mu kroku. W pracy wykorzystujemy, to co sprawdzone i co nowe- najlepsze dla prawid\u0142owego rozwoju dziecka. Oferujemy najwy\u017cszy poziom opieki i wychowania dla Pa\u0144stwa pociech.\u00a0<\/span><\/p>\r\n\r\n<h3><span style=\"color: #000000\">\u00a0<\/span><\/h3>\r\n<h3><span style=\"color: #000000\"><strong>Ma\u0142gorzata Krajewska\u00a0 -\u00a0Dyrektor, nauczyciel<\/strong><\/span><\/h3>\r\n<p style=\"text-align: justify\"><span style=\"color: #000000\"><strong><a style=\"color: #000000\" href=\"http:\/\/www.smykprzedszkole.com.pl\/stawowa\/files\/2010\/11\/IMG_3931-edytowany.jpg\" rel=\"attachment wp-att-13965\"><img class=\"alignleft size-thumbnail wp-image-13965\" src=\"http:\/\/www.smykprzedszkole.com.pl\/stawowa\/files\/2010\/11\/IMG_3931-edytowany-150x150.jpg\" alt=\"IMG_3931 (edytowany)\" width=\"150\" height=\"150\" \/><\/a><\/strong>Dyrektor przedszkola<strong>,\u00a0<\/strong>absolwentka Wydzia\u0142u Pedagogiki i Psychologii Uniwersytetu w Bia\u0142ymstoku, na kt\u00f3rym <strong>uzyska\u0142a tytu\u0142 magistra Edukacji elementarnej oraz Wydzia\u0142u Filologii<\/strong>, na kt\u00f3rym uzyska\u0142a <strong>tytu\u0142 Logopedy<\/strong>. Absolwentka Uniwersytetu SWPS w Warszawie, na kt\u00f3rym uzyska\u0142a <strong>tytu\u0142 Neurologopedy<\/strong>. Absolwentka Uczelni \u0141azarskiego , na kt\u00f3rej <strong>uko\u0144czy\u0142a studia o kierunku Zarz\u0105dzanie i Organizacja O\u015bwiat\u0105<\/strong>. W dalszym ci\u0105gu doskonali sw\u00f3j warsztat poprzez liczne warsztaty oraz szkolenia. Praca z dzie\u0107mi doskonali jej kreatywno\u015b\u0107 i cierpliwo\u015b\u0107, ale przede wszystkim jest dla niej \u017ar\u00f3d\u0142em pozytywnej energii. Stara si\u0119 aby ka\u017cde spotkanie by\u0142o dla nich przygod\u0105. Uwa\u017ca, \u017ce w pracy z dzie\u0107mi najwa\u017cniejsza jest rado\u015b\u0107 tworzenia i dlatego zawsze towarzyszy jej my\u015bl: \u201eKiedy \u015bmieje si\u0119 dziecko, \u015bmieje si\u0119 ca\u0142y \u015bwiat!\" . W przedszkolu jest wychowawc\u0105 grupy \"Wiewi\u00f3rki\". Uko\u0144czy\u0142a wiele szkole\u0144 min. \"<strong>Obserwacja i diagnoza w przedszkolu w \u015bwietle przepis\u00f3w prawa o\u015bwiatowego\"<\/strong>; \"<strong>Bajkoterapia kliniczna<\/strong>\"; \"<strong>Maluchy rosn\u0105 nie tylko wiosn\u0105- wpieranie rozwoju ma\u0142ych dzieci w przedszkolu\"\u00a0<\/strong>KLANZY, \"<strong>Muzykoterpia\"<\/strong>, <strong>\"Terapia muzyka i ruchem\"<\/strong> oraz <strong>\"Dyscyplina bez nakaz\u00f3w\"<\/strong> wg. Agnieszki Chartanowicz; <strong>\"Metody aktywnego s\u0142uchania\"<\/strong> wg. Batii Stauss, \"<strong>STEAM-owa Glottodydaktyka\"<\/strong>;<strong> \"Wychowanie i terapia przez sztuk\u0119\". <\/strong>Dodatkowo uko\u0144czy\u0142a<strong> kurs pierwszej pomocy przedmedycznej.<\/strong><\/span><\/p>\r\n\r\n<h3 style=\"text-align: justify\"><span style=\"color: #000000\"><strong>Aleksandra\u00a0Boros - nauczyciel<\/strong><\/span><\/h3>\r\n<p style=\"text-align: justify\"><span style=\"color: #000000\"><a style=\"color: #000000\" href=\"http:\/\/www.smykprzedszkole.com.pl\/stawowa\/files\/2010\/11\/IMG_5344.jpg\" rel=\"attachment wp-att-13850\"><img class=\"alignleft size-thumbnail wp-image-13850\" src=\"http:\/\/www.smykprzedszkole.com.pl\/stawowa\/files\/2010\/11\/IMG_5344-150x150.jpg\" alt=\"IMG_5344\" width=\"150\" height=\"150\" \/><\/a><\/span><\/p>\r\n<p style=\"text-align: justify\"><span style=\"color: #000000\">\u00a0Absolwentka studi\u00f3w z zakresu pedagogiki resocjalizacyjnej i opieku\u0144czo-wychowawczej\u00a0\u00a0oraz studi\u00f3w magisterskich z zakresu edukacji przedszkolnej i wczesnoszkolnej z edukacj\u0105 w\u0142\u0105czaj\u0105c\u0105 na Uniwersytecie Kardyna\u0142a Stefana Wyszy\u0144skiego w Warszawie. Pe\u0142ni obowi\u0105zki Dyrektora w roku szkolnym 2021-2022. Podczas pracy z dzie\u0107mi wykorzystuje tradycyjne i innowacyjne metody stymuluj\u0105ce rozw\u00f3j\u00a0\u00a0dziecka oraz wzmacnianie jego mocnych stron.\u00a0\u00a0Ka\u017cdy dzie\u0144 traktuje jako nowe wyzwanie, a u\u015bmiech i post\u0119py dziecka s\u0105 dla niej najwspanialsz\u0105 nagrod\u0105\u00a0\u00a0i najlepsz\u0105 motywacj\u0105 do pracy!\u00a0\u00a0W przedszkolu jest wychowawc\u0105 grupy \u201eDelfinki\u201d. Posiada uko\u0144czone szkolenia z zakresu\u00a0\u00a0\u201ePiosenka i ruch\u201d wg. Marii Tomaszewskiej, \u201eSTEAM-owa Glottodydaktyka\u201d, \u201eSztuka instrukta\u017cu\u201d, kt\u00f3re stosuje w codziennej pracy z dzie\u0107mi.\u00a0\u00a0Dodatkowo uko\u0144czy\u0142a kurs pomocy przedmedycznej.<\/span><\/p>\r\n\r\n<h3 style=\"text-align: justify\"><span style=\"color: #000000\"><strong>Marta Kulmaczewska - nauczyciel<\/strong><\/span><\/h3>\r\n<p style=\"text-align: justify\"><span style=\"color: #000000\"><a href=\"http:\/\/www.smykprzedszkole.com.pl\/stawowa\/files\/2021\/05\/Zdjecie2-1.jpg\"><img class=\"alignleft size-thumbnail wp-image-14256\" src=\"http:\/\/www.smykprzedszkole.com.pl\/stawowa\/files\/2021\/05\/Zdjecie2-1-150x150.jpg\" alt=\"\" width=\"150\" height=\"150\" \/><\/a>Zawsze u\u015bmiechni\u0119ta i pozytywnie nastawiona ciocia Marta wie, \u017ce wszystkie dzieci potrzebuj\u0105 du\u017co mi\u0142o\u015bci i zainteresowania a te najm\u0142odsze szczeg\u00f3lnie. Dlatego w pracy zwraca najwi\u0119ksz\u0105 uwag\u0119 na to by dzieci by\u0142y zawsze radosne i czu\u0142y si\u0119 przy niej bezpiecznie. Stara si\u0119 przekaza\u0107\u00a0 im jak najwi\u0119cej pozytywnej energii poprzez zabaw\u0119 jak i nauk\u0119. Wsp\u00f3lnie przeciera z dzie\u0107mi szlaki w codzienno\u015bci przedszkolnej oraz w poznawaniu \u015bwiata, kt\u00f3ry ich otacza. Najwi\u0119ksz\u0105 nagrod\u0105 s\u0105 ich u\u015bciski i u\u015bmiechy na bu\u017akach, kiedy witaj\u0105 j\u0105 nast\u0119pnego dnia po przyj\u015bciu do przedszkola. <strong>W przedszkolu jest wychowawc\u0105 grupy Biedronki. <\/strong>Uko\u0144czy\u0142a mi\u0119dzy innymi kurs <strong>\"Piosenka i ruch\"<\/strong> wg Marii Tomaszewskiej, \"<strong>STEAM-owa Glottodydaktyka\"<\/strong>.\u00a0Dodatkowo uko\u0144czy\u0142a\u00a0<strong>kurs pomocy przedmedycznej.<\/strong><\/span><\/p>\r\n\r\n<h3 style=\"text-align: justify\"><span style=\"color: #000000\">\u00a0<\/span><\/h3>\r\n<h3><span style=\"color: #000000\"><strong>Ma\u0142gorzata Sadurska - nauczyciel<\/strong><\/span><\/h3>\r\n<p style=\"text-align: justify\"><span style=\"color: #000000\">\u00a0<a style=\"color: #000000\" href=\"http:\/\/www.smykprzedszkole.com.pl\/stawowa\/files\/2010\/11\/IMG_5348.jpg\" rel=\"attachment wp-att-13851\"><img class=\"alignleft size-thumbnail wp-image-13851\" src=\"http:\/\/www.smykprzedszkole.com.pl\/stawowa\/files\/2010\/11\/IMG_5348-150x150.jpg\" alt=\"IMG_5348\" width=\"150\" height=\"150\" \/><\/a>W\u00a0pracy z\u00a0dzie\u0107mi stosuje \u0107wiczenia i\u00a0zabawy, dzi\u0119ki kt\u00f3rym mo\u017ce pozna\u0107 potrzeby dzieci tak,\u00a0by\u00a0lepiej wykorzystywa\u0107 ich\u00a0zdolno\u015bci i\u00a0umiej\u0119tno\u015bci. Celem jej pracy\u00a0jest\u00a0stworzenie dzieciom przyjaznej, domowej atmosfery, zapewnienie im\u00a0bezpiecze\u0144stwa i\u00a0poczucia, \u017ce\u00a0s\u0105\u00a0kim\u015b wyj\u0105tkowym. Stara si\u0119\u00a0wspiera\u0107 rozw\u00f3j przedszkolak\u00f3w, pobudza\u0107 je\u00a0do\u00a0tw\u00f3rczych dzia\u0142a\u0144, a\u00a0przy\u00a0tym\u00a0zapewni\u0107 im\u00a0dobre samopoczucie i\u00a0wspania\u0142\u0105\u00a0 \u00a0 \u00a0 \u00a0 \u00a0 \u00a0 \u00a0 \u00a0 \u00a0 \u00a0 \u00a0 \u00a0 \u00a0 \u00a0 \u00a0 \u00a0 \u00a0 \u00a0 \u00a0 \u00a0 \u00a0 \u00a0 zabaw\u0119. <strong>W przedszkolu jest wychowawc\u0105 grupy Tygrysk\u00f3w.<\/strong> Uko\u0144czy\u0142a min. kurs\u00a0\u00a0<strong>\"Piosenka i ruch\"<\/strong>\u00a0wg Marii Tomaszewskiej, \"<strong>STEAM-owa Glottodydaktyka\", \"Eksperymenty WOW\".\u00a0Dodatkowo uko\u0144czy\u0142a\u00a0<strong>kurs pomocy przedmedycznej.<\/strong><\/strong>\r\n<\/span><\/p>\r\n\r\n<h3><span style=\"color: #000000\">\u00a0<\/span><\/h3>\r\n<h3><span style=\"color: #000000\"><strong>\u00a0Monika Ceremuga - nauczyciel<\/strong><\/span><\/h3>\r\n<span style=\"color: #000000\"><a style=\"color: #000000\" href=\"http:\/\/www.smykprzedszkole.com.pl\/stawowa\/files\/2010\/11\/IMG_3700.jpg\" rel=\"attachment wp-att-13963\"><img class=\"alignleft size-thumbnail wp-image-13963\" src=\"http:\/\/www.smykprzedszkole.com.pl\/stawowa\/files\/2010\/11\/IMG_3700-150x150.jpg\" alt=\"IMG_3700\" width=\"150\" height=\"150\" \/><\/a><\/span>\r\n<p style=\"text-align: justify\"><span style=\"color: #000000\">Absolwentka Wy\u017cszej Szko\u0142y Humanistycznej<\/span>\r\n<span style=\"color: #000000\"> w Skierniewicach kierunek Pedagogika Wczesnoszkolna<\/span>\r\n<span style=\"color: #000000\"> i Przedszkolna. Praca z dzie\u0107mi to dla niej<\/span>\r\n<span style=\"color: #000000\"> olbrzymia przyjemno\u015b\u0107 i niezapomniana przygoda. <strong>W przedszkolu jest wychowawc\u0105 grupy \"Pszcz\u00f3\u0142ki\".<\/strong>\u00a0 Uko\u0144czy\u0142a min. kurs \"<strong>Sensoryka, a rozw\u00f3j dzieci<\/strong>\"; \" <strong>Wprowadzenie do pedagogiki Montessori<\/strong>\"; <strong>\"Jak radzi\u0107 sobie z trudnym zachowaniem dziecka w oparciu o Pozytywn\u0105 Dyscyplin\u0119\"<\/strong>.\u00a0<strong>Dodatkowo uko\u0144czy\u0142a\u00a0kurs pomocy przedmedycznej.<\/strong><\/span><\/p>\r\n\r\n<h3><span style=\"color: #000000\">Patrycja Bracha - nauczyciel<\/span><\/h3>\r\n<a href=\"http:\/\/www.smykprzedszkole.com.pl\/stawowa\/files\/2021\/04\/IMG_8703.jpg\"><img class=\"alignleft size-thumbnail wp-image-14236\" src=\"http:\/\/www.smykprzedszkole.com.pl\/stawowa\/files\/2021\/04\/IMG_8703-150x150.jpg\" alt=\"\" width=\"150\" height=\"150\" \/><\/a>\r\n\r\n<span style=\"color: #000000\">Absolwentka studi\u00f3w pedagogicznych o specjalno\u015bci Resocjalizacja oraz studi\u00f3w magisterskich\u00a0 o kierunku Pedagogika przedszkolna i wczesnoszkolna z logopedi\u0105. Dzieci s\u0105 najwi\u0119ksz\u0105 rado\u015bci\u0105 jej \u017cycia, a ich u\u015bmiech daje najwi\u0119ksz\u0105 motywacj\u0119 do dalszego dzia\u0142ania. Jest osob\u0105 otwart\u0105 i zawsze u\u015bmiechni\u0119t\u0105.\u00a0<strong>W przedszkolu jest wychowawc\u0105 grupy \"Wiewi\u00f3rki\".<\/strong>\u00a0Uko\u0144czy\u0142a m. in. kursy <strong>\"Zaburzenia mowy u dzieci w wieku przedszkolnym i wczesnoszkolnym\" oraz \"Pozna\u0107, zrozumie\u0107, uczy\u0107 dziecko, ucznia z zespo\u0142em Aspergera\"<\/strong><\/span>\r\n<h3 style=\"text-align: justify\"><span style=\"color: #000000\"><strong>Martyna Szostak - pomoc nauczyciela<\/strong><\/span><\/h3>\r\n<a href=\"http:\/\/www.smykprzedszkole.com.pl\/stawowa\/files\/2021\/04\/Zdjecie1-3.jpg\"><img class=\"alignleft size-thumbnail wp-image-14235\" src=\"http:\/\/www.smykprzedszkole.com.pl\/stawowa\/files\/2021\/04\/Zdjecie1-3-150x150.jpg\" alt=\"\" width=\"150\" height=\"150\" \/><\/a>\r\n\r\n<span style=\"color: #000000\">Uwa\u017ca, \u017ce dzieci s\u0105 nasz\u0105 przysz\u0142o\u015bci\u0105 i ucz\u0105 bezwarunkowej mi\u0142o\u015bci oraz szczero\u015bci. Niezwykle u\u015bmiechni\u0119ta i kreatywna. Zale\u017cy jej, aby nasze smyki przychodzi\u0142y oraz wraca\u0142y zawsze z u\u015bmiechem.<\/span>\r\n<h3><\/h3>\r\n<h3><span style=\"color: #000000\"><strong>Katarzyna Staszewska - pomoc nauczyciela<\/strong><\/span><\/h3>\r\n<p style=\"text-align: justify\"><span style=\"color: #000000\"><a href=\"http:\/\/www.smykprzedszkole.com.pl\/stawowa\/files\/2021\/05\/Zdjecie1-1.jpg\"><img class=\"alignleft size-thumbnail wp-image-14258\" src=\"http:\/\/www.smykprzedszkole.com.pl\/stawowa\/files\/2021\/05\/Zdjecie1-1-150x150.jpg\" alt=\"\" width=\"150\" height=\"150\" \/><\/a>Ciocia Kasia w wolnych chwilach dokszta\u0142ca si\u0119 z pedagogiki wczesnoszkolnej i przedszkolnej. Uwielbia prac\u0119 z dzie\u0107mi, kt\u00f3ra uczy j\u0105 bezwarunkowej mi\u0142o\u015bci i rado\u015bci. Jej mocnymi stronami jest cierpliwo\u015b\u0107 i opanowanie.\r\n<\/span><\/p>\r\n\r\n<h3><span style=\"color: #000000\"><strong>ZAJ\u0118CIA DODATKOWE - INSTRUKTORZY<\/strong><\/span><\/h3>\r\n<h3><span style=\"color: #000000\"><strong>Mateusz Miernecki - j\u0119zyk angielski<\/strong><\/span><\/h3>\r\n<span style=\"color: #000000\"><a class=\"fancybox image\" style=\"color: #000000\" href=\"http:\/\/www.przedszkole-smyk.com.pl\/wp-content\/uploads\/2020\/02\/mati-m.jpg\"><img class=\"alignleft size-thumbnail wp-image-13101\" src=\"http:\/\/www.przedszkole-smyk.com.pl\/wp-content\/uploads\/2020\/02\/mati-m-150x150.jpg\" alt=\"\" width=\"150\" height=\"150\" \/><\/a><span class=\"_3oh- _58nk\">Naucza r\u00f3\u017cnymi metodami, dostosowuj\u0105c je do indywidualnych potrzeb ka\u017cdego ucznia tak aby rozwin\u0105\u0107 wszystkie zdolno\u015bci j\u0119zykowe, przede wszystkim prze\u0142ama\u0107 barier\u0119 m\u00f3wienia. Stara si\u0119 zach\u0119ci\u0107 dzieci do nauki j\u0119zyka poprzez wprowadzanie gier i zabaw ruchowych.<\/span><\/span>\r\n<h3 style=\"text-align: left\"><span style=\"color: #000000\"><strong>\u00a0Rytmika - Kamil Rutkowski<\/strong><\/span><\/h3>\r\n<span style=\"color: #000000\"><strong><a style=\"color: #000000\" href=\"http:\/\/www.smykprzedszkole.com.pl\/zakatek\/files\/2010\/11\/ryt.jpg\" rel=\"attachment wp-att-12067\"><img class=\"alignleft size-thumbnail wp-image-12067\" src=\"http:\/\/www.smykprzedszkole.com.pl\/zakatek\/files\/2010\/11\/ryt-150x150.jpg\" alt=\"ryt\" width=\"150\" height=\"150\" \/><\/a><\/strong>Absolwent ZSM 1 w Warszawie w klasie saksofonu. Absolwent wydzia\u0142u muzykologii Uniwersytetu Warszawskiego. Od 10 lat pracuje z dzie\u0107mi prowadz\u0105c zaj\u0119cia , warsztaty oraz kursy z m\u0142odzie\u017c\u0105.<\/span>\r\n<h3><span style=\"color: #000000\">\u00a0<\/span><\/h3>\r\n<h3><span style=\"color: #000000\"><strong>\u00a0Taniec - \u0141ukasz Kosi\u0144ski<\/strong><\/span><\/h3>\r\n<span style=\"color: #000000\"><img class=\"alignleft\" src=\"http:\/\/www.smykprzedszkole.com.pl\/stawowa\/files\/2016\/09\/lukasz-Kopia.jpg\" alt=\"\" \/><\/span>\r\n<p style=\"text-align: justify\"><span style=\"color: #000000\">Dyplomowany instruktor ta\u0144ca z przygotowaniem pedagogicznym, za\u0142o\u017cyciel Szko\u0142y Ta\u0144ca Flash. Nauk\u0105 ta\u0144ca zajmuje si\u0119 ju\u017c prawie 10 lat, w tym 6 lat to praca z dzie\u0107mi. Aktywny tancerz i 2 v-ce Mistrz Polski, na koncie jest tak\u017ce Mistrzostwo Okr\u0119gu Mazowieckiego, Fina\u0142 Mistrzostw Polski, Fina\u0142y GPP. Ostatnim sukcesem z roku 2015 jest 3 miejsce na Open \u015aroda Wielkopolska. Zaj\u0119cia taneczne w przedszkolu odbywaj\u0105 si\u0119 w spos\u00f3b ciekawy. Nauczanie dzieci to spe\u0142nienie marze\u0144. Ich ch\u0119\u0107 do ta\u0144ca i trud jaki wk\u0142adaj\u0105 w zaj\u0119cia podw\u00f3jnie motywuje i daje ogromn\u0105 satysfakcj\u0119.<\/span><\/p>\r\n\r\n<h3 style=\"text-align: justify\"><span style=\"color: #000000\"><strong>Ceramika- Antonina Domalska-Szulczyk<\/strong><\/span><\/h3>\r\n<p style=\"text-align: justify\"><span style=\"color: #000000\"><a style=\"color: #000000\" href=\"http:\/\/www.smykprzedszkole.com.pl\/stawowa\/files\/2010\/11\/IMG-20200211-WA0002.jpg\" rel=\"attachment wp-att-13823\"><img class=\"alignleft size-thumbnail wp-image-13823\" src=\"http:\/\/www.smykprzedszkole.com.pl\/stawowa\/files\/2010\/11\/IMG-20200211-WA0002-150x150.jpg\" alt=\"IMG-20200211-WA0002\" width=\"150\" height=\"150\" \/><\/a><\/span><\/p>\r\n<p style=\"text-align: justify\"><span style=\"color: #000000\">Z wykszta\u0142cenia instruktor kulturalno-wychowawczym o specjalno\u015bci: teatr. Po pi\u0119tnastu latach trudnej, wymagaj\u0105cej i eksploatuj\u0105cej zasoby osobiste pracy na stanowisku managerskim, postanowi\u0142a wr\u00f3ci\u0107 do zawodu, czyli do pracy z dzie\u0107mi. Zawsze interesowa\u0142a si\u0119 sztuk\u0105, a w szczeg\u00f3lno\u015bci tw\u00f3rczo\u015bci\u0105 plastyczn\u0105, dlatego zdecydowa\u0142a si\u0119 na szereg kurs\u00f3w ceramicznych, kt\u00f3re przygotowa\u0142y j\u0105 do prowadzenia zaj\u0119\u0107 w tej dziedzinie. Od pi\u0119ciu lat oferuje i prowadzi,z du\u017cym poczuciem misji jak\u0105 jest rozwijanie wyobra\u017ani,kreatywno\u015bci i wra\u017cliwo\u015bci uczni\u00f3w, zaj\u0119cia ceramiczne.<em>Z dzie\u0107mi jeste\u015bmy jak naczynia po\u0142\u0105czone: daj\u0119 dzieciom 30 minut zabawy i rozwoju, a w zamian dostaje, w pe\u0142ni op\u0142acon\u0105, terapi\u0119 przeciwstarzeniow\u0105, pod postaci\u0105 wyzwa\u0144 dla mojej cierpliwo\u015bci,elastyczno\u015bci i pomys\u0142owo\u015bci.<\/em><\/span><\/p>\r\n\r\n<h3 style=\"text-align: justify\"><span style=\"color: #000000\"><strong>\u00a0<\/strong><\/span><\/h3>\r\n<h3><span style=\"color: #000000\"><strong>Glottodydaktyka - Antonina Szulczyk\u00a0<\/strong><\/span><\/h3>\r\n<p style=\"text-align: justify\"><span style=\"color: #000000\"><a style=\"color: #000000\" href=\"http:\/\/www.smykprzedszkole.com.pl\/stawowa\/files\/2010\/11\/InShot_20200207_182446939.jpg\" rel=\"attachment wp-att-13833\"><img class=\"alignleft size-thumbnail wp-image-13833\" src=\"http:\/\/www.smykprzedszkole.com.pl\/stawowa\/files\/2010\/11\/InShot_20200207_182446939-150x150.jpg\" alt=\"InShot_20200207_182446939\" width=\"150\" height=\"150\" \/><\/a>\u00a0Studentka Uniwersytetu Warszawskiego na kierunku Filologia polska. Uko\u0144czy\u0142a specjalizacj\u0119 nauczania j\u0119zyka polskiego jako obcego, co czyni j\u0105 glottodydaktyczk\u0105 obcoj\u0119zyczn\u0105, inaczej lektork\u0105 j\u0119zyka polskiego jako obcego. Ju\u017c od pierwszego roku studi\u00f3w pracowa\u0142a w zawodzie, jednak podczas wsp\u00f3\u0142pracy ze szko\u0142ami j\u0119zyk\u00f3w obcych,\u00a0 zrozumia\u0142a, \u017ce ta praca nie daje jej tego, czego oczekuje, \u017ce nie mo\u017ce w pe\u0142ni odda\u0107 si\u0119 swojej pasji i wykorzysta\u0107 swoich mo\u017cliwo\u015bci,dlatego zdecydowa\u0142a si\u0119 zaryzykowa\u0107 i zacz\u0105\u0107 szuka\u0107 w\u0142asnych zlece\u0144 oraz klient\u00f3w.Tak trafi\u0142a na kurs glottodydaktyki ojczystoj\u0119zycznej u samego autora metody\u2013profesora Bronis\u0142awa Roc\u0142awskiego. Podczas kursu zrozumia\u0142a, \u017ce to jest w\u0142a\u015bnie to, to\u00a0jej droga,pasja i misja\u2013pomaganie dzieciom, dawanie im g\u0142osu. Kurs uko\u0144czy\u0142a egzaminem zdanym na pi\u0105tk\u0119. W\u0142a\u015bnie tak sta\u0142a si\u0119 licencjonowan\u0105 glottodydaktyczk\u0105 ojczystoj\u0119zyczn\u0105 iglottoterapeutk\u0105.\u00a0Jak wygl\u0105da moja praca? Dzia\u0142am na wielu p\u0142aszczyznach, kt\u00f3re szerzej znane s\u0105 pod has\u0142em\u201ebycie nauczycielem\u201d, to znaczy: prowadz\u0119 lekcje j\u0119zyka polskiego jako obcego dla cudzoziemc\u00f3w, przygotowuje cudzoziemc\u00f3w do pa\u0144stwowych egzamin\u00f3w j\u0119zykowych,prowadz\u0119 prywatn\u0105 glottoterapi\u0119 w zaciszu swojego domu oraz grupow\u0105, w przedszkolach na terenie powiatu Grodzisk Mazowiecki. Opr\u00f3cz tego prowadz\u0119 bloga dla fan\u00f3w j\u0119zyka polskiego na Instagramie (@jezykpolskipolinka) i\u00a0 bardziej intymn\u0105 form\u0119 blogowania, jak\u0105 jest newsletter dla rodzic\u00f3w Glottodzieci\u2013GLOTTOLIST.<\/span><\/p>\r\n\r\n<h3 style=\"text-align: justify\"><span style=\"color: #000000\"><strong>Logopedia - Diana Macioch<\/strong><\/span><\/h3>\r\n<span style=\"font-size: inherit\"><a href=\"http:\/\/www.smykprzedszkole.com.pl\/stawowa\/files\/2021\/05\/IMG_1603-1.jpg\"><img class=\"alignleft size-thumbnail wp-image-14260\" src=\"http:\/\/www.smykprzedszkole.com.pl\/stawowa\/files\/2021\/05\/IMG_1603-1-150x150.jpg\" alt=\"\" width=\"150\" height=\"150\" \/><\/a>Absolwentka Uniwersytetu Warszawskiego na kierunku Logopedia Og\u00f3lna i Kliniczna.\u00a0<\/span>\r\n<div style=\"text-align: left\">\r\n\r\nPomoc dzieciom i ich rodzicom to jej najwi\u0119ksza pasja. Uwielbia maluchy za ich u\u015bmiech i rado\u015b\u0107, kt\u00f3ra daje jej du\u017co si\u0142 do dalszej pracy. To w\u0142a\u015bnie dzi\u0119ki nim zawsze jest weso\u0142a i pozytywnie nastawiona do \u015bwiata oraz ludzi. W razie jakichkolwiek problem\u00f3w z mow\u0105 zawsze ch\u0119tnie pomo\u017ce i podpowie co warto zrobi\u0107.\u00a0Jej celem jest aby dzieci dobrze m\u00f3wi\u0142y i \u00a0zawsze wychodzi\u0142y z zaj\u0119\u0107 weso\u0142e i szcz\u0119\u015bliwe.\r\n\r\n<\/div>\r\n<h3><span style=\"color: #000000\"><strong>Karate - Jakub Malicki<\/strong><\/span><\/h3>\r\n<p style=\"text-align: justify\"><span style=\"color: #000000\"><a style=\"color: #000000\" href=\"http:\/\/www.smykprzedszkole.com.pl\/stawowa\/files\/2021\/01\/Jakub-Malicki.jpg\" rel=\"attachment wp-att-14137\"><img class=\"alignleft size-thumbnail wp-image-14137\" src=\"http:\/\/www.smykprzedszkole.com.pl\/stawowa\/files\/2021\/01\/Jakub-Malicki-150x150.jpg\" alt=\"Jakub Malicki\" width=\"150\" height=\"150\" \/><\/a>Za\u0142o\u017cyciel UKS BUDO Grodzisk Mazowiecki, reprezentant Polski, urodzony kumiciarz, multimedalista, absolwent Akademii Wychowania Fizycznego w Warszawie na kierunku fizjoterapia.\u00a0Nale\u017cy do kadry narodowej kraju. Na co dzie\u0144 pracuje jako instruktor karate w szko\u0142ach i prowadzi sekcje zawodnicz\u0105 klubu.<\/span><\/p>","_et_gb_content_width":"","footnotes":""},"class_list":["post-8","page","type-page","status-publish","hentry"],"aioseo_notices":[],"publishpress_future_action":{"enabled":false,"date":"2026-05-09 05:18:23","action":"change-status","newStatus":"draft","terms":[],"taxonomy":"","extraData":[]},"publishpress_future_workflow_manual_trigger":{"enabledWorkflows":[]},"_links":{"self":[{"href":"https:\/\/www.smykprzedszkole.com.pl\/stawowa\/wp-json\/wp\/v2\/pages\/8","targetHints":{"allow":["GET"]}}],"collection":[{"href":"https:\/\/www.smykprzedszkole.com.pl\/stawowa\/wp-json\/wp\/v2\/pages"}],"about":[{"href":"https:\/\/www.smykprzedszkole.com.pl\/stawowa\/wp-json\/wp\/v2\/types\/page"}],"author":[{"embeddable":true,"href":"https:\/\/www.smykprzedszkole.com.pl\/stawowa\/wp-json\/wp\/v2\/users\/1"}],"replies":[{"embeddable":true,"href":"https:\/\/www.smykprzedszkole.com.pl\/stawowa\/wp-json\/wp\/v2\/comments?post=8"}],"version-history":[{"count":249,"href":"https:\/\/www.smykprzedszkole.com.pl\/stawowa\/wp-json\/wp\/v2\/pages\/8\/revisions"}],"predecessor-version":[{"id":238079,"href":"https:\/\/www.smykprzedszkole.com.pl\/stawowa\/wp-json\/wp\/v2\/pages\/8\/revisions\/238079"}],"wp:attachment":[{"href":"https:\/\/www.smykprzedszkole.com.pl\/stawowa\/wp-json\/wp\/v2\/media?parent=8"}],"curies":[{"name":"wp","href":"https:\/\/api.w.org\/{rel}","templated":true}]}}