{"id":4995,"date":"2012-07-13T21:02:41","date_gmt":"2012-07-13T21:02:41","guid":{"rendered":"http:\/\/www.smykprzedszkole.com.pl\/stawowa\/?page_id=4995"},"modified":"2021-06-11T14:26:09","modified_gmt":"2021-06-11T14:26:09","slug":"wyzywienie","status":"publish","type":"page","link":"https:\/\/www.smykprzedszkole.com.pl\/stawowa\/wyzywienie\/","title":{"rendered":"WY\u017bYWIENIE"},"content":{"rendered":"<p>[et_pb_section fb_built=&#8221;1&#8243; _builder_version=&#8221;4.9.4&#8243; _module_preset=&#8221;default&#8221;][et_pb_row column_structure=&#8221;2_5,3_5&#8243; _builder_version=&#8221;4.9.4&#8243; _module_preset=&#8221;default&#8221; width=&#8221;100%&#8221; max_width=&#8221;90%&#8221;][et_pb_column type=&#8221;2_5&#8243; _builder_version=&#8221;4.9.4&#8243; _module_preset=&#8221;default&#8221;][et_pb_image src=&#8221;https:\/\/www.smykprzedszkole.com.pl\/stawowa\/files\/2021\/06\/jadlospis.jpg&#8221; title_text=&#8221;jadlospis&#8221; _builder_version=&#8221;4.9.4&#8243; _module_preset=&#8221;default&#8221; animation_style=&#8221;slide&#8221; animation_direction=&#8221;left&#8221; border_radii=&#8221;off|50px||50px|&#8221; border_width_top=&#8221;4px&#8221; border_color_top=&#8221;gcid-3b8c3e40-536d-45e6-8ede-6833e503613c&#8221; border_width_right=&#8221;4px&#8221; border_color_right=&#8221;gcid-cbf296af-5377-4257-8cc2-dac943cb2d49&#8243; global_colors_info=&#8221;{%22gcid-3b8c3e40-536d-45e6-8ede-6833e503613c%22:%91%22border_color_top%22%93,%22gcid-cbf296af-5377-4257-8cc2-dac943cb2d49%22:%91%22border_color_right%22%93}&#8221;][\/et_pb_image][\/et_pb_column][et_pb_column type=&#8221;3_5&#8243; _builder_version=&#8221;4.9.4&#8243; _module_preset=&#8221;default&#8221;][et_pb_text_divider cwp_select_style=&#8221;fancy&#8221; cwp_style_fancy=&#8221;curved&#8221; divider_title=&#8221;Wy\u017cywienie &#8221; _builder_version=&#8221;4.9.4&#8243; _module_preset=&#8221;default&#8221; header_text_level=&#8221;h1&#8243; header_text_font=&#8221;Combo|700|||||||&#8221; header_text_text_color=&#8221;gcid-3b8c3e40-536d-45e6-8ede-6833e503613c&#8221; header_text_font_size=&#8221;35px&#8221; global_colors_info=&#8221;{%22gcid-3b8c3e40-536d-45e6-8ede-6833e503613c%22:%91%22header_text_text_color%22%93}&#8221;][\/et_pb_text_divider][et_pb_text _builder_version=&#8221;4.9.4&#8243; _module_preset=&#8221;default&#8221; text_font=&#8221;Combo||||||||&#8221; text_font_size=&#8221;16px&#8221; header_font=&#8221;||||||||&#8221; animation_style=&#8221;flip&#8221;]<\/p>\n<p>Du\u017c\u0105 wag\u0119 przywi\u0105zujemy do \u017cywienia naszych podopiecznych.Racjonalne \u017cywienie jest szczeg\u00f3lnie wa\u017cne w przypadku dzieci. Wp\u0142ywa ono nie tylko na ich zdrowie, samopoczucie, odpowiedni wzrost i rozw\u00f3j, ale tak\u017ce, w\u0142a\u015bnie od najm\u0142odszych lat kszta\u0142tuje smaki i preferencje \u017cywieniowe.Nasz\u0105 propozycj\u0119 dedykujemy dzieciom i rodzicom, kt\u00f3rzy zwracaj\u0105 szczeg\u00f3ln\u0105 uwag\u0119 na jad\u0142ospis.Zdrowe od\u017cywianie dzieci to pe\u0142nowarto\u015bciowe, smaczne posi\u0142ki. Staramy si\u0119 , aby \u00a0menu by\u0142o urozmaicone, lekkostrawne i przygotowane zgodnie z normami dietetycznymi wieku dzieci\u0119cego. Wszystkie \u00a0potrawy przygotowane s\u0105 ze sk\u0142adnik\u00f3w wysokiej jako\u015bci.W \u00a0kuchni nie stosujemy ulepszaczy typu kwasek cytrynowy czy glutaminian sodu, korzystamy tylko z naturalnych przypraw. W \u017cywieniu dzieci uwzgl\u0119dniamy r\u00f3\u017cne diety w zale\u017cno\u015bci od wymaga\u0144 zdrowotnych \u00a0i kulturowych dzieci. Wszystkie posi\u0142ki s\u0105 nielimitowane,w ciagu dnia dzieci maja zapewniony nieograniczony dost\u0119p do wody. Ka\u017cdego dnia zapewniamy trzy nielimitowane posi\u0142ki oraz dodatkowy posi\u0142ek regeneracyjny dla podopiecznych pozostaj\u0105cych d\u0142u\u017cej w przedszkolu,posi\u0142ek regeneracyjny serwowany jest o godzinie 17.00.<br \/>Przyk\u0142adowy jad\u0142ospis zamieszczamy poni\u017cej<\/p>\n<p>[\/et_pb_text][et_pb_text _builder_version=&#8221;4.9.4&#8243; _module_preset=&#8221;default&#8221; header_font=&#8221;Combo|700|||||||&#8221; header_text_align=&#8221;center&#8221; header_text_color=&#8221;gcid-24df1a3f-4abc-42bc-9ec3-1e6fc2589de4&#8243; header_font_size=&#8221;35px&#8221; animation_style=&#8221;zoom&#8221; global_colors_info=&#8221;{%22gcid-a831910f-8668-428f-9229-68effa3f6744%22:%91%93,%22gcid-24df1a3f-4abc-42bc-9ec3-1e6fc2589de4%22:%91%22header_text_color%22%93}&#8221;]<\/p>\n<h1>&#8222;Szcz\u0119\u015bliwy maluszek gdy ma pe\u0142ny brzuszek&#8221;<\/h1>\n<p>[\/et_pb_text][\/et_pb_column][\/et_pb_row][et_pb_row admin_label=&#8221;Poniedzia\u0142ek i wtorek&#8221; _builder_version=&#8221;4.9.4&#8243; _module_preset=&#8221;default&#8221; width=&#8221;100%&#8221; max_width=&#8221;90%&#8221;][et_pb_column type=&#8221;4_4&#8243; admin_label=&#8221;Poniedzia\u0142ek&#8221; _builder_version=&#8221;4.9.4&#8243; _module_preset=&#8221;default&#8221; animation_style=&#8221;slide&#8221;][et_pb_text_divider cwp_select_style=&#8221;fancy&#8221; cwp_style_fancy=&#8221;zigzag&#8221; divider_title=&#8221;Przyk\u0142adowy jad\u0142ospis&#8221; _builder_version=&#8221;4.9.4&#8243; _module_preset=&#8221;default&#8221; header_text_level=&#8221;h1&#8243; header_text_font=&#8221;Combo|700|||||||&#8221; header_text_text_color=&#8221;gcid-149c20a1-c832-468d-bdc6-b6d3879e8c5e&#8221; custom_margin=&#8221;||6px|||&#8221; global_colors_info=&#8221;{%22gcid-149c20a1-c832-468d-bdc6-b6d3879e8c5e%22:%91%22header_text_text_color%22%93}&#8221;][\/et_pb_text_divider][et_pb_toggle title=&#8221;\u015aniadanie:&#8221; open_toggle_text_color=&#8221;gcid-cbf296af-5377-4257-8cc2-dac943cb2d49&#8243; open_toggle_background_color=&#8221;RGBA(0,0,0,0)&#8221; closed_toggle_background_color=&#8221;RGBA(0,0,0,0)&#8221; icon_color=&#8221;gcid-3b8c3e40-536d-45e6-8ede-6833e503613c&#8221; admin_label=&#8221;\u015aniadanie:&#8221; _builder_version=&#8221;4.9.6&#8243; _module_preset=&#8221;default&#8221; title_text_color=&#8221;gcid-3b8c3e40-536d-45e6-8ede-6833e503613c&#8221; title_font=&#8221;Combo|700|||||||&#8221; title_font_size=&#8221;20px&#8221; body_font=&#8221;Lato||||||||&#8221; body_text_color=&#8221;#000000&#8243; custom_margin=&#8221;||3px|||&#8221; hover_enabled=&#8221;0&#8243; border_width_all=&#8221;0px&#8221; global_colors_info=&#8221;{%22gcid-cbf296af-5377-4257-8cc2-dac943cb2d49%22:%91%22open_toggle_text_color%22%93,%22gcid-24df1a3f-4abc-42bc-9ec3-1e6fc2589de4%22:%91%93,%22gcid-3b8c3e40-536d-45e6-8ede-6833e503613c%22:%91%22icon_color%22,%22title_text_color%22%93}&#8221; sticky_enabled=&#8221;0&#8243;][\/et_pb_toggle][et_pb_toggle title=&#8221;Obiad:&#8221; open_toggle_text_color=&#8221;gcid-cbf296af-5377-4257-8cc2-dac943cb2d49&#8243; open_toggle_background_color=&#8221;RGBA(0,0,0,0)&#8221; closed_toggle_background_color=&#8221;RGBA(0,0,0,0)&#8221; icon_color=&#8221;gcid-24df1a3f-4abc-42bc-9ec3-1e6fc2589de4&#8243; admin_label=&#8221;Obiad:&#8221; _builder_version=&#8221;4.9.6&#8243; _module_preset=&#8221;default&#8221; title_text_color=&#8221;gcid-24df1a3f-4abc-42bc-9ec3-1e6fc2589de4&#8243; title_font=&#8221;Combo|700|||||||&#8221; title_font_size=&#8221;20px&#8221; body_font=&#8221;Lato||||||||&#8221; body_text_color=&#8221;#000000&#8243; custom_margin=&#8221;||3px|||&#8221; hover_enabled=&#8221;0&#8243; border_width_all=&#8221;0px&#8221; global_colors_info=&#8221;{%22gcid-cbf296af-5377-4257-8cc2-dac943cb2d49%22:%91%22open_toggle_text_color%22%93,%22gcid-24df1a3f-4abc-42bc-9ec3-1e6fc2589de4%22:%91%22title_text_color%22,%22icon_color%22%93}&#8221; sticky_enabled=&#8221;0&#8243;][\/et_pb_toggle][et_pb_toggle title=&#8221;Podwieczorek:&#8221; open_toggle_text_color=&#8221;gcid-cbf296af-5377-4257-8cc2-dac943cb2d49&#8243; open_toggle_background_color=&#8221;RGBA(0,0,0,0)&#8221; closed_toggle_background_color=&#8221;RGBA(0,0,0,0)&#8221; icon_color=&#8221;gcid-149c20a1-c832-468d-bdc6-b6d3879e8c5e&#8221; admin_label=&#8221;Podwieczorek:&#8221; _builder_version=&#8221;4.9.6&#8243; _module_preset=&#8221;default&#8221; title_text_color=&#8221;gcid-149c20a1-c832-468d-bdc6-b6d3879e8c5e&#8221; title_font=&#8221;Combo|700|||||||&#8221; title_font_size=&#8221;20px&#8221; body_font=&#8221;Lato||||||||&#8221; body_text_color=&#8221;#000000&#8243; custom_margin=&#8221;||3px|||&#8221; hover_enabled=&#8221;0&#8243; border_width_all=&#8221;0px&#8221; global_colors_info=&#8221;{%22gcid-cbf296af-5377-4257-8cc2-dac943cb2d49%22:%91%22open_toggle_text_color%22%93,%22gcid-24df1a3f-4abc-42bc-9ec3-1e6fc2589de4%22:%91%93,%22gcid-149c20a1-c832-468d-bdc6-b6d3879e8c5e%22:%91%22title_text_color%22,%22icon_color%22%93}&#8221; sticky_enabled=&#8221;0&#8243;][\/et_pb_toggle][\/et_pb_column][\/et_pb_row][\/et_pb_section]<\/p>\n","protected":false},"excerpt":{"rendered":"<p>Du\u017c\u0105 wag\u0119 przywi\u0105zujemy do \u017cywienia naszych podopiecznych.Racjonalne \u017cywienie jest szczeg\u00f3lnie wa\u017cne w przypadku dzieci. Wp\u0142ywa ono nie tylko na ich zdrowie, samopoczucie, odpowiedni wzrost i rozw\u00f3j, ale tak\u017ce, w\u0142a\u015bnie od najm\u0142odszych lat kszta\u0142tuje smaki i preferencje \u017cywieniowe.Nasz\u0105 propozycj\u0119 dedykujemy dzieciom i rodzicom, kt\u00f3rzy zwracaj\u0105 szczeg\u00f3ln\u0105 uwag\u0119 na jad\u0142ospis.Zdrowe od\u017cywianie dzieci to pe\u0142nowarto\u015bciowe, smaczne posi\u0142ki. Staramy [&hellip;]<\/p>\n","protected":false},"author":2,"featured_media":0,"parent":0,"menu_order":0,"comment_status":"closed","ping_status":"closed","template":"","meta":{"_et_pb_use_builder":"on","_et_pb_old_content":"<p><strong>JAD\u0141OSPIS<br \/><\/strong><\/p><p class=\"s2\"><strong>18.01.2021 r. PONIEDZIA\u0141EK<\/strong><\/p><p class=\"s2\"><strong>\u015aNIADANIE<\/strong><\/p><p class=\"s2\">P\u0142atki owsiane na mleku<\/p><p class=\"s2\">Pieczywo mieszane<\/p><p class=\"s2\">Mas\u0142o extra ose\u0142ka<\/p><p class=\"s2\">Pasta jajeczna<\/p><p class=\"s2\">Pol\u0119dwica sopocka<\/p><p class=\"s2\">Bukiet warzyw<\/p><p class=\"s2\">Herbata\u00a0rumiankowa<\/p><p class=\"s2\"><strong>OBIAD<\/strong><\/p><p class=\"s2\">Zupa zacierkowa<\/p><p>Makaron w sosie Carbonara<\/p><p>Sur\u00f3wka\u00a0wiosenna<\/p><p>Woda<\/p><p><strong>PODWIECZOREK<\/strong><\/p><p>Pieczywo mieszane<\/p><p>Mas\u0142o extra<\/p><p>Twaro\u017cek z rzodkiewk\u0105 i szczypiorkiem<\/p><p>Powid\u0142a \u015bliwkowe<\/p><p>Bukiet warzyw<\/p><p>Chrupki kukurydziane<\/p><p>Owoce<\/p><p>Herbata\u00a0mi\u0119towa<\/p><p><strong>II Podwieczorek<\/strong><\/p><p class=\"s3\">Posi\u0142ek regeneracyjny<\/p><p class=\"s2\"><strong>19.01.2021 r. WTOREK<\/strong><\/p><p class=\"s2\"><strong>\u015aNIADANIE<\/strong><\/p><p>Pol\u0119dwica sopocka<\/p><p>Pieczywo mieszane<\/p><p>Mas\u0142o<\/p><p>Bukiet warzyw<\/p><p>Twaro\u017cek z miodem<\/p><p>Herbata mi\u0119towa\u00a0 z cytryn\u0105<\/p><p class=\"s2\"><strong>OBIAD<\/strong><\/p><p class=\"s4\">Zupa kalafiorowa z ziemniakami<\/p><p class=\"s4\">Kurczak w sosie s\u0142odko-kwa\u015bnym<\/p><p class=\"s4\">Ry\u017c<\/p><p class=\"s4\">Sur\u00f3wka z og\u00f3rka kwaszonego i cebuli<\/p><p class=\"s4\">Woda<\/p><p class=\"s2\"><strong>PODWIECZOREK<\/strong><\/p><p>Pieczywo mieszane<\/p><p>Mas\u0142o ose\u0142ka extra<\/p><p>Pasta z\u00a0 soczewicy i pestek dyni<\/p><p>Mi\u00f3d<\/p><p>Bukiet warzyw<\/p><p>Galaretka z owocami<\/p><p>Herbata rumiankowa<\/p><p><strong>II PODWIECZOREK<\/strong><\/p><p class=\"s2\">Posi\u0142ek regeneracyjny<\/p><p><strong>20.01.2021r.\u00a0\u015aRODA<\/strong><\/p><p><strong>\u015aNIADANIE<\/strong><\/p><p>Pieczywo mieszane<\/p><p>Mas\u0142o extra<\/p><p>Ser \u017c\u00f3\u0142ty gouda<\/p><p>Jajko na Twardo<\/p><p>Bukiet warzyw<\/p><p>Kawa Inka na mleku<\/p><p>Herbata\u00a0 rumiankowa<\/p><p><strong>OBIAD<\/strong><\/p><p>Zupa og\u00f3rkowa<\/p><p>Kluski leniwe<\/p><p>Jogurt naturalny z cynamonem<\/p><p>Sur\u00f3wka z marchewki i jab\u0142ka<\/p><p>Woda<\/p><p><strong>PODWIECZOREK<\/strong><\/p><p>Zapiekanki z szynk\u0105 i serem<\/p><p>Owoce<\/p><p>Bukiet warzyw<\/p><p>Herbata\u00a0 owoce le\u015bne<\/p><p><strong>II PODWIECZOREK<\/strong><\/p><p class=\"s2\">Posi\u0142ek regeneracyjny<\/p><p class=\"s2\"><strong>21.01.2021r.\u00a0CZWARTEK<\/strong><\/p><p class=\"s2\"><strong>\u015aNIADANIE<\/strong><\/p><p>Pol\u0119dwica drobiowa<\/p><p>Pieczywo mieszane<\/p><p>Mas\u0142o<\/p><p>Bukiet warzyw<\/p><p>Serek Almette z\u00a0 zio\u0142ami<\/p><p>Pasta z awokado<\/p><p>Kakao na mleku<\/p><p>Herbata mi\u0119towa\u00a0 z cytryn\u0105<\/p><p class=\"s2\"><strong>OBIAD<\/strong><\/p><p>Zupa ry\u017canka<\/p><p>Go\u0142\u0105bki<\/p><p>Ziemniaki<\/p><p>Marchewka na zgryz<\/p><p class=\"s2\">Woda<\/p><p class=\"s2\"><strong>PODWIECZOREK<\/strong><\/p><p>Ciasto marchewkowe<\/p><p>Jogurt naturalny z owocami<\/p><p>Herbata z lip\u0105<\/p><p class=\"s2\"><strong>II PODWIECZOREK<\/strong><\/p><p class=\"s2\">posi\u0142ek regeneracyjny<\/p><p class=\"s2\"><strong>22.01.2021r. PI\u0104TEK<\/strong><\/p><p class=\"s2\"><strong>\u015aNIADANIE<\/strong><\/p><p>Pieczywo mieszane<\/p><p>Mas\u0142o extra<\/p><p>Pasta z kurczaka<\/p><p>Jaglanka na mleku<\/p><p>Bukiet warzyw<\/p><p>Herbata z pokrzywy<\/p><p class=\"s2\"><strong>OBIAD<\/strong><\/p><p>Ros\u00f3\u0142 z makaronem<\/p><p>Paluszki rybne<\/p><p>Ziemniaki<\/p><p>Sur\u00f3wka z kapusty kwaszonej<\/p><p>Woda<\/p><p class=\"s2\"><strong>PODWIECZOREK<\/strong><\/p><p>Makaron z bia\u0142ym serem<\/p><p>Mus jab\u0142kowy<\/p><p>Herbata z dzikiej r\u00f3\u017cy<\/p><p class=\"s2\"><strong>II PODWIECZOREK<\/strong><\/p><p class=\"s2\">posi\u0142ek regeneracyjny<\/p>","_et_gb_content_width":"","footnotes":""},"class_list":["post-4995","page","type-page","status-publish","hentry"],"aioseo_notices":[],"publishpress_future_action":{"enabled":false,"date":"2026-05-09 04:41:20","action":"change-status","newStatus":"draft","terms":[],"taxonomy":"","extraData":[]},"publishpress_future_workflow_manual_trigger":{"enabledWorkflows":[]},"_links":{"self":[{"href":"https:\/\/www.smykprzedszkole.com.pl\/stawowa\/wp-json\/wp\/v2\/pages\/4995","targetHints":{"allow":["GET"]}}],"collection":[{"href":"https:\/\/www.smykprzedszkole.com.pl\/stawowa\/wp-json\/wp\/v2\/pages"}],"about":[{"href":"https:\/\/www.smykprzedszkole.com.pl\/stawowa\/wp-json\/wp\/v2\/types\/page"}],"author":[{"embeddable":true,"href":"https:\/\/www.smykprzedszkole.com.pl\/stawowa\/wp-json\/wp\/v2\/users\/2"}],"replies":[{"embeddable":true,"href":"https:\/\/www.smykprzedszkole.com.pl\/stawowa\/wp-json\/wp\/v2\/comments?post=4995"}],"version-history":[{"count":518,"href":"https:\/\/www.smykprzedszkole.com.pl\/stawowa\/wp-json\/wp\/v2\/pages\/4995\/revisions"}],"predecessor-version":[{"id":236803,"href":"https:\/\/www.smykprzedszkole.com.pl\/stawowa\/wp-json\/wp\/v2\/pages\/4995\/revisions\/236803"}],"wp:attachment":[{"href":"https:\/\/www.smykprzedszkole.com.pl\/stawowa\/wp-json\/wp\/v2\/media?parent=4995"}],"curies":[{"name":"wp","href":"https:\/\/api.w.org\/{rel}","templated":true}]}}