{"id":236416,"date":"2021-06-06T18:15:32","date_gmt":"2021-06-06T18:15:32","guid":{"rendered":"https:\/\/www.smykprzedszkole.com.pl\/stawowa\/?page_id=236416"},"modified":"2025-02-20T18:37:21","modified_gmt":"2025-02-20T18:37:21","slug":"zajecia","status":"publish","type":"page","link":"https:\/\/www.smykprzedszkole.com.pl\/stawowa\/zajecia\/","title":{"rendered":"ZAJ\u0118CIA"},"content":{"rendered":"<p>[et_pb_section fb_built=&#8221;1&#8243; _builder_version=&#8221;4.16&#8243; _module_preset=&#8221;default&#8221; custom_padding=&#8221;||10px|||&#8221; bottom_divider_color=&#8221;#eaeaea&#8221; locked=&#8221;off&#8221; global_colors_info=&#8221;{}&#8221;][et_pb_row column_structure=&#8221;1_3,2_3&#8243; _builder_version=&#8221;4.16&#8243; _module_preset=&#8221;default&#8221; width=&#8221;100%&#8221; max_width=&#8221;90%&#8221; custom_padding=&#8221;||5px|||&#8221; global_colors_info=&#8221;{}&#8221;][et_pb_column type=&#8221;1_3&#8243; _builder_version=&#8221;4.16&#8243; _module_preset=&#8221;default&#8221; global_colors_info=&#8221;{}&#8221;][et_pb_image src=&#8221;https:\/\/www.smykprzedszkole.com.pl\/stawowa\/files\/2021\/06\/zajecia.jpg&#8221; title_text=&#8221;Children&#8217;s drawing&#8221; _builder_version=&#8221;4.16&#8243; _module_preset=&#8221;default&#8221; animation_style=&#8221;flip&#8221; border_radii=&#8221;off|50px||50px|&#8221; border_width_top=&#8221;4px&#8221; border_color_top=&#8221;#E02B20&#8243; border_width_right=&#8221;5px&#8221; border_color_right=&#8221;#7CDA24&#8243; global_colors_info=&#8221;{}&#8221;][\/et_pb_image][\/et_pb_column][et_pb_column type=&#8221;2_3&#8243; _builder_version=&#8221;4.16&#8243; _module_preset=&#8221;default&#8221; global_colors_info=&#8221;{}&#8221;][et_pb_text_divider cwp_select_style=&#8221;fancy&#8221; cwp_style_fancy=&#8221;curved&#8221; divider_title=&#8221;zaj\u0119cia&#8221; _builder_version=&#8221;4.16&#8243; _module_preset=&#8221;default&#8221; header_text_level=&#8221;h1&#8243; header_text_font=&#8221;Combo|700|||||||&#8221; header_text_text_color=&#8221;#E09900&#8243; header_text_font_size=&#8221;35px&#8221; global_colors_info=&#8221;{%22gcid-3b8c3e40-536d-45e6-8ede-6833e503613c%22:%91%93}&#8221;][\/et_pb_text_divider][et_pb_text _builder_version=&#8221;4.16&#8243; _module_preset=&#8221;default&#8221; text_font=&#8221;Combo||||||||&#8221; text_text_color=&#8221;#000000&#8243; text_font_size=&#8221;16px&#8221; min_height=&#8221;106px&#8221; custom_margin=&#8221;||2px|||&#8221; animation_style=&#8221;slide&#8221; animation_direction=&#8221;right&#8221; global_colors_info=&#8221;{}&#8221;]<\/p>\n<p>Ka\u017cdego dnia rozwijamy talenty, kreatywne my\u015blenie i sprawno\u015b\u0107 fizyczn\u0105 naszych przedszkolak\u00f3w. Oferujemy szereg zaj\u0119\u0107,kt\u00f3re urozmaicaj\u0105 pobyt dziecka w placowce.Kazdy dzie\u0144 w naszym przedszkolu jest niepowtarzalny i wyj\u0105tkowy. Do\u0142\u0105cz ze swoj\u0105 pociecha do nas,a nie po\u017ca\u0142ujesz. Zapraszamy\ud83d\ude00<\/p>\n<p>[\/et_pb_text][\/et_pb_column][\/et_pb_row][et_pb_row column_structure=&#8221;1_2,1_2&#8243; _builder_version=&#8221;4.27.4&#8243; _module_preset=&#8221;default&#8221; width=&#8221;100%&#8221; max_width=&#8221;90%&#8221; global_colors_info=&#8221;{}&#8221;][et_pb_column type=&#8221;1_2&#8243; _builder_version=&#8221;4.16&#8243; _module_preset=&#8221;default&#8221; global_colors_info=&#8221;{}&#8221;][et_pb_text _builder_version=&#8221;4.16&#8243; _module_preset=&#8221;default&#8221; text_font=&#8221;Combo|700|||||||&#8221; text_text_color=&#8221;gcid-a831910f-8668-428f-9229-68effa3f6744&#8243; text_font_size=&#8221;18px&#8221; custom_margin=&#8221;||10px|||&#8221; global_colors_info=&#8221;{%22gcid-a831910f-8668-428f-9229-68effa3f6744%22:%91%22text_text_color%22%93}&#8221;]<\/p>\n<p><strong><u>W jakich zaj\u0119ciach smyk we\u017amie udzia\u0142?<\/u><\/strong><\/p>\n<p>[\/et_pb_text][et_pb_text _builder_version=&#8221;4.27.4&#8243; _module_preset=&#8221;default&#8221; text_font=&#8221;Combo||||||||&#8221; text_text_color=&#8221;#000000&#8243; text_font_size=&#8221;15px&#8221; custom_margin=&#8221;||10px|||&#8221; animation_style=&#8221;slide&#8221; animation_direction=&#8221;left&#8221; global_colors_info=&#8221;{}&#8221;]<\/p>\n<div><strong>-W swiecie liczb,kodowanie.<\/strong><\/div>\n<div>To zaj\u0119cia rozwijaj\u0105ce umiej\u0119tno\u015bci matematyczne i logiczne my\u015blenie, kreatywno\u015b\u0107 u dzieci w wieku przedszkolnym poprzez zabaw\u0119, z wykorzystaniem element\u00f3w kodowania oraz innych metod wspieraj\u0105cych rozw\u00f3j matematyczny. Podczas zaj\u0119\u0107 dzieci w kreatywny, ciekawy oraz kolorowy spos\u00f3b ucz\u0105 si\u0119 zagadnie\u0144 matematycznych, takich jak liczenie, operacje matematyczne, orientacja w przestrzeni, figury geometryczne, klasyfikacja i wiele wiele innych.<\/div>\n<p>[\/et_pb_text][et_pb_text _builder_version=&#8221;4.16&#8243; _module_preset=&#8221;default&#8221; text_font=&#8221;Combo||||||||&#8221; text_text_color=&#8221;#000000&#8243; text_font_size=&#8221;15px&#8221; custom_margin=&#8221;||10px|||&#8221; animation_style=&#8221;slide&#8221; animation_direction=&#8221;left&#8221; global_colors_info=&#8221;{}&#8221;]<\/p>\n<p><strong>j\u0119zyk angielski\u2013<\/strong> Nauka oparta jest na piosenkach i wierszykach oraz r\u00f3\u017cnorodnych grach i swobodnych zabawach. W czasie zaj\u0119\u0107, dzieci rozwijaj\u0105 podstawowe sprawno\u015bci j\u0119zykowe w naturalnej kolejno\u015bci: s\u0142uchanie, zrozumienie i m\u00f3wienie. Nauka j\u0119zyka w naszym przedszkolu to przygoda daj\u0105ca wiele rado\u015bci.<\/p>\n<p>[\/et_pb_text][et_pb_text _builder_version=&#8221;4.16&#8243; _module_preset=&#8221;default&#8221; text_font=&#8221;Combo||||||||&#8221; text_text_color=&#8221;#000000&#8243; text_font_size=&#8221;15px&#8221; custom_margin=&#8221;||10px|||&#8221; animation_style=&#8221;slide&#8221; animation_direction=&#8221;left&#8221; global_colors_info=&#8221;{}&#8221;]<\/p>\n<p><strong>Anglorytmika<\/strong> -Rytmiczne piosenki s\u0105 \u0142atwe do zapami\u0119tania, a za pomoc\u0105 gest\u00f3w Dzieci poznaj\u0105 s\u0142\u00f3wka zawarte w piosenkach<\/p>\n<p>[\/et_pb_text][et_pb_text _builder_version=&#8221;4.16&#8243; _module_preset=&#8221;default&#8221; text_font=&#8221;Combo||||||||&#8221; text_text_color=&#8221;#000000&#8243; text_font_size=&#8221;15px&#8221; custom_margin=&#8221;||10px|||&#8221; animation_style=&#8221;slide&#8221; animation_direction=&#8221;left&#8221; global_colors_info=&#8221;{}&#8221;]<\/p>\n<p><strong>\u00a0rytmika \u2013<\/strong> Pe\u0142na \u015bpiewu, ta\u0144ca, zabaw ruchowych przy muzyce oraz gry na instrumentach perkusyjnych. Zaj\u0119cia stwarzaj\u0105 mo\u017cliwo\u015b\u0107 zaspakajania wrodzonej dzieciom potrzeby ruchu, dzia\u0142ania, uzewn\u0119trzniania prze\u017cy\u0107 emocjonalnych oraz s\u0142u\u017c\u0105 wyrabianiu ich wra\u017cliwo\u015bci artystycznej. Zaj\u0119cia pozwalaj\u0105ce odkry\u0107 osobowo\u015b\u0107 i temperament przedszkolak\u00f3w, przyczyniaj\u0105ce si\u0119 do rozwijania s\u0142uchu, koncentracji i pobudzaj\u0105ce my\u015blenie oraz wyobra\u017ani\u0119<\/p>\n<p>[\/et_pb_text][et_pb_text _builder_version=&#8221;4.27.4&#8243; _module_preset=&#8221;default&#8221; text_font=&#8221;Combo||||||||&#8221; text_text_color=&#8221;#000000&#8243; text_font_size=&#8221;15px&#8221; custom_margin=&#8221;||10px|||&#8221; animation_style=&#8221;slide&#8221; animation_direction=&#8221;left&#8221; global_colors_info=&#8221;{}&#8221;]<\/p>\n<p><b>-Glottodydaktyka <\/b>w przedszkolu to metoda nauczania j\u0119zyka, kt\u00f3ra wspiera rozw\u00f3j mowy i komunikacji u dzieci. Zaj\u0119cia oparte na glottodydaktyce \u0142\u0105cz\u0105 zabawy s\u0142owne, piosenki, rymowanki i gry j\u0119zykowe, kt\u00f3re pomagaj\u0105 maluchom w rozwoju s\u0142ownictwa, poprawnej wymowy oraz zdolno\u015bci do wyra\u017cania my\u015bli i uczu\u0107. Dzi\u0119ki tej metodzie dzieci ucz\u0105 si\u0119 j\u0119zyka w spos\u00f3b naturalny, poprzez codzienne interakcje i tw\u00f3rcze zabawy.<\/p>\n<p>[\/et_pb_text][et_pb_text _builder_version=&#8221;4.27.4&#8243; _module_preset=&#8221;default&#8221; text_font=&#8221;Combo||||||||&#8221; text_text_color=&#8221;#000000&#8243; text_font_size=&#8221;15px&#8221; custom_margin=&#8221;||10px|||&#8221; animation_style=&#8221;slide&#8221; animation_direction=&#8221;left&#8221; global_colors_info=&#8221;{}&#8221;]<\/p>\n<p><strong>-Terapia r\u0119ki<\/strong> w przedszkolu koncentruje si\u0119 na rozwijaniu motoryki ma\u0142ej, czyli precyzyjnych ruch\u00f3w d\u0142oni i palc\u00f3w, co jest kluczowe dla codziennych czynno\u015bci, takich jak rysowanie, pisanie czy zapinanie guzik\u00f3w. Regularne uczestnictwo w takich zaj\u0119ciach wspiera wszechstronny rozw\u00f3j dziecka, przygotowuj\u0105c je do bardziej z\u0142o\u017conych czynno\u015bci wymagaj\u0105cych precyzyjnych ruch\u00f3w d\u0142oni.<\/p>\n<p>[\/et_pb_text][\/et_pb_column][et_pb_column type=&#8221;1_2&#8243; _builder_version=&#8221;4.16&#8243; _module_preset=&#8221;default&#8221; global_colors_info=&#8221;{}&#8221;][et_pb_text _builder_version=&#8221;4.27.4&#8243; _module_preset=&#8221;default&#8221; text_font=&#8221;Combo|700|||||||&#8221; text_text_color=&#8221;gcid-a831910f-8668-428f-9229-68effa3f6744&#8243; text_font_size=&#8221;18px&#8221; custom_margin=&#8221;||10px|||&#8221; global_colors_info=&#8221;{%22gcid-a831910f-8668-428f-9229-68effa3f6744%22:%91%22text_text_color%22%93}&#8221;]<\/p>\n<h1>Projekty autorskie<\/h1>\n<p>[\/et_pb_text][et_pb_text _builder_version=&#8221;4.27.4&#8243; _module_preset=&#8221;default&#8221; text_font=&#8221;Combo||||||||&#8221; text_text_color=&#8221;#000000&#8243; text_font_size=&#8221;15px&#8221; custom_margin=&#8221;||10px|||&#8221; animation_style=&#8221;slide&#8221; animation_direction=&#8221;left&#8221; global_colors_info=&#8221;{}&#8221;]<\/p>\n<p><b>&#8211; \u201eCia\u0142o cz\u0142owieka\u201d<\/b> to cykl zaj\u0119\u0107, podczas kt\u00f3rych dzieci poznaj\u0105 budow\u0119 i funkcje ludzkiego cia\u0142a w spos\u00f3b dostosowany do ich wieku. Poprzez zabawy, eksperymenty, ogl\u0105danie ilustracji i aktywno\u015bci ruchowe maluchy dowiaduj\u0105 si\u0119, jak dzia\u0142aj\u0105 zmys\u0142y, narz\u0105dy wewn\u0119trzne oraz dlaczego dbanie o zdrowie jest wa\u017cne. Projekt rozwija ciekawo\u015b\u0107, uczy \u015bwiadomo\u015bci w\u0142asnego cia\u0142a i zach\u0119ca do zdrowego stylu \u017cycia.<\/p>\n<p>[\/et_pb_text][et_pb_text _builder_version=&#8221;4.27.4&#8243; _module_preset=&#8221;default&#8221; text_font=&#8221;Combo||||||||&#8221; text_text_color=&#8221;#000000&#8243; text_font_size=&#8221;15px&#8221; custom_margin=&#8221;||10px|||&#8221; animation_style=&#8221;slide&#8221; animation_direction=&#8221;left&#8221; global_colors_info=&#8221;{}&#8221;]<\/p>\n<p><b>-\u201eMa\u0142y chemik\u201d<\/b> to seria zaj\u0119\u0107, kt\u00f3re w przyst\u0119pny spos\u00f3b wprowadzaj\u0105 dzieci w \u015bwiat chemii poprzez zabawy eksperymentalne. Maluchy wykonuj\u0105 proste eksperymenty, takie jak mieszanie substancji, tworzenie kolorowych reakcji czy badanie w\u0142a\u015bciwo\u015bci wody i powietrza. Projekt rozwija ciekawo\u015b\u0107, zach\u0119ca do odkrywania tajemnic nauki i kszta\u0142tuje umiej\u0119tno\u015b\u0107 wsp\u00f3\u0142pracy w grupie.<\/p>\n<p>[\/et_pb_text][et_pb_text _builder_version=&#8221;4.27.4&#8243; _module_preset=&#8221;default&#8221; text_font=&#8221;Combo||||||||&#8221; text_text_color=&#8221;#000000&#8243; text_font_size=&#8221;15px&#8221; custom_margin=&#8221;||10px|||&#8221; animation_style=&#8221;slide&#8221; animation_direction=&#8221;left&#8221; global_colors_info=&#8221;{}&#8221;]<\/p>\n<p><span>&#8211;<\/span><b> \u201eW \u015bwiecie zmys\u0142\u00f3w\u201d <\/b>to zaj\u0119cia, kt\u00f3re pozwalaj\u0105 dzieciom odkrywa\u0107 i rozwija\u0107 zmys\u0142y poprzez r\u00f3\u017cnorodne do\u015bwiadczenia sensoryczne.Dzieci anga\u017cuj\u0105 si\u0119 w zabawy dotykowe, s\u0142uchowe, wzrokowe, smakowe i w\u0119chowe, ucz\u0105c si\u0119 rozpoznawa\u0107 i rozr\u00f3\u017cnia\u0107 r\u00f3\u017cne bod\u017ace. Projekt wspiera rozw\u00f3j percepcji, koncentracji i umiej\u0119tno\u015bci rozwi\u0105zywania problem\u00f3w, a tak\u017ce umo\u017cliwia maluchom lepsze poznanie \u015bwiata dooko\u0142a siebie.<\/p>\n<p>[\/et_pb_text][et_pb_text _builder_version=&#8221;4.27.4&#8243; _module_preset=&#8221;default&#8221; text_font=&#8221;Combo||||||||&#8221; text_text_color=&#8221;#000000&#8243; text_font_size=&#8221;15px&#8221; custom_margin=&#8221;||10px|||&#8221; animation_style=&#8221;slide&#8221; animation_direction=&#8221;left&#8221; global_colors_info=&#8221;{}&#8221;]<\/p>\n<p><span>&#8211;<\/span><b> \u201eJestem wa\u017cny, ja i moje emocje\u201d <\/b>to zaj\u0119cia, kt\u00f3re pomagaj\u0105 dzieciom rozpoznawa\u0107, nazywa\u0107 i wyra\u017ca\u0107 swoje emocje w zdrowy spos\u00f3b. W projekcie wykorzystywane s\u0105 elementy Treningu Umiej\u0119tno\u015bci Spo\u0142ecznych (TUS), kt\u00f3re ucz\u0105 dzieci radzenia sobie w sytuacjach spo\u0142ecznych, rozwi\u0105zywania konflikt\u00f3w oraz wyra\u017cania emocji w interakcjach z innymi. Dzi\u0119ki zabawom, dyskusjom i \u0107wiczeniom dzieci rozwijaj\u0105 empati\u0119, umiej\u0119tno\u015bci komunikacyjne i zwi\u0119kszaj\u0105 swoj\u0105 samo\u015bwiadomo\u015b\u0107 emocjonaln\u0105. Zaj\u0119cia prowadzone s\u0105 przez psychologa.<\/p>\n<p>[\/et_pb_text][et_pb_text _builder_version=&#8221;4.27.4&#8243; _module_preset=&#8221;default&#8221; text_font=&#8221;Combo||||||||&#8221; text_text_color=&#8221;#000000&#8243; text_font_size=&#8221;15px&#8221; custom_margin=&#8221;||10px|||&#8221; animation_style=&#8221;slide&#8221; animation_direction=&#8221;left&#8221; global_colors_info=&#8221;{}&#8221;]<\/p>\n<p><b>-Joga i uwa\u017cno\u015b\u0107 w przedszkolu-<\/b> to cykl zaj\u0119\u0107, kt\u00f3ry wprowadza dzieci w \u015bwiat jogi i technik uwa\u017cno\u015bci, wspieraj\u0105c ich rozw\u00f3j fizyczny i emocjonalny. Poprzez zabawy ruchowe, \u0107wiczenia oddechowe oraz proste medytacje, maluchy ucz\u0105 si\u0119 koncentracji, radzenia sobie z emocjami oraz relaksacji. Regularne praktykowanie jogi i uwa\u017cno\u015bci w przedszkolu przyczynia si\u0119 do poprawy samopoczucia dzieci, zwi\u0119kszenia ich samo\u015bwiadomo\u015bci oraz umiej\u0119tno\u015bci wsp\u00f3\u0142pracy w grupie.<\/p>\n<p>[\/et_pb_text][et_pb_text _builder_version=&#8221;4.27.4&#8243; _module_preset=&#8221;default&#8221; text_font=&#8221;Combo||||||||&#8221; text_text_color=&#8221;#000000&#8243; text_font_size=&#8221;15px&#8221; custom_margin=&#8221;||10px|||&#8221; animation_style=&#8221;slide&#8221; animation_direction=&#8221;left&#8221; global_colors_info=&#8221;{}&#8221;]<\/p>\n<div><b>-,Smyki tropi\u0105 smaki-<\/b>sa\u0142atki,witaminy i zdrowe od\u017cywianie,projekt,kt\u00f3ry anga\u017cuje maluchy w aktywne poznawanie \u015bwiata zdrowego \u017cywienia, co ma pozytywny wp\u0142yw na ich nawyki \u017cywieniowe i og\u00f3lny rozw\u00f3j. Dzieci dowiedz\u0105 si\u0119 o znaczeniu witamin i minera\u0142\u00f3w w diecie oraz roli owoc\u00f3w i warzyw w codziennym od\u017cywianiu.<\/div>\n<div>Przedszkolaki mi\u0119dzy innymi samodzielnie przygotuja proste sa\u0142atki owocowe i warzywne, co rozwinie ich umiej\u0119tno\u015bci manualne i kulinarne.<\/div>\n<div>Projekt zach\u0119ca do regularnego spo\u017cywania zdrowych posi\u0142k\u00f3w i \u015bwiadomego wyboru sk\u0142adnik\u00f3w diety.<\/div>\n<p>[\/et_pb_text][et_pb_text _builder_version=&#8221;4.16&#8243; _module_preset=&#8221;default&#8221; text_font=&#8221;Combo|700|||||||&#8221; text_text_color=&#8221;gcid-a831910f-8668-428f-9229-68effa3f6744&#8243; text_font_size=&#8221;18px&#8221; custom_margin=&#8221;||10px|||&#8221; global_colors_info=&#8221;{%22gcid-a831910f-8668-428f-9229-68effa3f6744%22:%91%22text_text_color%22%93}&#8221;]<\/p>\n<p><strong><u>W ramach czesnego oferujemy r\u00f3wnie\u017c:<\/u><\/strong><\/p>\n<p>[\/et_pb_text][et_pb_text _builder_version=&#8221;4.16&#8243; _module_preset=&#8221;default&#8221; text_font=&#8221;Combo||||||||&#8221; text_text_color=&#8221;#000000&#8243; text_font_size=&#8221;15px&#8221; custom_margin=&#8221;||10px|||&#8221; animation_style=&#8221;slide&#8221; animation_direction=&#8221;left&#8221; locked=&#8221;off&#8221; global_colors_info=&#8221;{}&#8221;]<\/p>\n<p><strong>przesiewowe badania logopedyczne<\/strong><\/p>\n<p>[\/et_pb_text][et_pb_text _builder_version=&#8221;4.16&#8243; _module_preset=&#8221;default&#8221; text_font=&#8221;Combo||||||||&#8221; text_text_color=&#8221;#000000&#8243; text_font_size=&#8221;15px&#8221; custom_margin=&#8221;||10px|||&#8221; animation_style=&#8221;slide&#8221; animation_direction=&#8221;left&#8221; locked=&#8221;off&#8221; global_colors_info=&#8221;{}&#8221;]<\/p>\n<p><strong>przesiewowe badania psychologiczne<\/strong><\/p>\n<p>[\/et_pb_text][et_pb_text _builder_version=&#8221;4.16&#8243; _module_preset=&#8221;default&#8221; text_font=&#8221;Combo||||||||&#8221; text_text_color=&#8221;#000000&#8243; text_font_size=&#8221;15px&#8221; custom_margin=&#8221;||10px|||&#8221; animation_style=&#8221;slide&#8221; animation_direction=&#8221;left&#8221; locked=&#8221;off&#8221; global_colors_info=&#8221;{}&#8221;]<\/p>\n<p><strong>konsultacje psychologiczne dla rodzic\u00f3w<\/strong><\/p>\n<p>[\/et_pb_text][\/et_pb_column][\/et_pb_row][\/et_pb_section]<\/p>\n","protected":false},"excerpt":{"rendered":"<p>Ka\u017cdego dnia rozwijamy talenty, kreatywne my\u015blenie i sprawno\u015b\u0107 fizyczn\u0105 naszych przedszkolak\u00f3w. Oferujemy szereg zaj\u0119\u0107,kt\u00f3re urozmaicaj\u0105 pobyt dziecka w placowce.Kazdy dzie\u0144 w naszym przedszkolu jest niepowtarzalny i wyj\u0105tkowy. Do\u0142\u0105cz ze swoj\u0105 pociecha do nas,a nie po\u017ca\u0142ujesz. Zapraszamy\ud83d\ude00W jakich zaj\u0119ciach smyk we\u017amie udzia\u0142?-W swiecie liczb,kodowanie. To zaj\u0119cia rozwijaj\u0105ce umiej\u0119tno\u015bci matematyczne i logiczne my\u015blenie, kreatywno\u015b\u0107 u dzieci w [&hellip;]<\/p>\n","protected":false},"author":6,"featured_media":0,"parent":0,"menu_order":0,"comment_status":"closed","ping_status":"closed","template":"","meta":{"_et_pb_use_builder":"on","_et_pb_old_content":"","_et_gb_content_width":"","footnotes":""},"class_list":["post-236416","page","type-page","status-publish","hentry"],"aioseo_notices":[],"publishpress_future_action":{"enabled":false,"date":"2026-05-09 05:22:33","action":"change-status","newStatus":"draft","terms":[],"taxonomy":"","extraData":[]},"publishpress_future_workflow_manual_trigger":{"enabledWorkflows":[]},"_links":{"self":[{"href":"https:\/\/www.smykprzedszkole.com.pl\/stawowa\/wp-json\/wp\/v2\/pages\/236416","targetHints":{"allow":["GET"]}}],"collection":[{"href":"https:\/\/www.smykprzedszkole.com.pl\/stawowa\/wp-json\/wp\/v2\/pages"}],"about":[{"href":"https:\/\/www.smykprzedszkole.com.pl\/stawowa\/wp-json\/wp\/v2\/types\/page"}],"author":[{"embeddable":true,"href":"https:\/\/www.smykprzedszkole.com.pl\/stawowa\/wp-json\/wp\/v2\/users\/6"}],"replies":[{"embeddable":true,"href":"https:\/\/www.smykprzedszkole.com.pl\/stawowa\/wp-json\/wp\/v2\/comments?post=236416"}],"version-history":[{"count":10,"href":"https:\/\/www.smykprzedszkole.com.pl\/stawowa\/wp-json\/wp\/v2\/pages\/236416\/revisions"}],"predecessor-version":[{"id":238076,"href":"https:\/\/www.smykprzedszkole.com.pl\/stawowa\/wp-json\/wp\/v2\/pages\/236416\/revisions\/238076"}],"wp:attachment":[{"href":"https:\/\/www.smykprzedszkole.com.pl\/stawowa\/wp-json\/wp\/v2\/media?parent=236416"}],"curies":[{"name":"wp","href":"https:\/\/api.w.org\/{rel}","templated":true}]}}