{"id":12,"date":"2010-11-06T21:22:14","date_gmt":"2010-11-06T21:22:14","guid":{"rendered":"http:\/\/www.smykprzedszkole.com.pl\/stawowa\/"},"modified":"2025-02-19T16:43:43","modified_gmt":"2025-02-19T16:43:43","slug":"o-nas","status":"publish","type":"page","link":"https:\/\/www.smykprzedszkole.com.pl\/stawowa\/o-nas\/","title":{"rendered":"O nas"},"content":{"rendered":"<p>[et_pb_section fb_built=&#8221;1&#8243; _builder_version=&#8221;4.16&#8243; _module_preset=&#8221;default&#8221; global_colors_info=&#8221;{}&#8221;][et_pb_row column_structure=&#8221;2_5,3_5&#8243; _builder_version=&#8221;4.16&#8243; _module_preset=&#8221;default&#8221; width=&#8221;100%&#8221; max_width=&#8221;90%&#8221; global_colors_info=&#8221;{}&#8221;][et_pb_column type=&#8221;2_5&#8243; _builder_version=&#8221;4.16&#8243; _module_preset=&#8221;default&#8221; global_colors_info=&#8221;{}&#8221;][et_pb_image src=&#8221;https:\/\/www.smykprzedszkole.com.pl\/stawowa\/files\/2021\/06\/Photogenica-PHX114774058.jpg&#8221; title_text=&#8221;child playing with toy airplane&#8221; _builder_version=&#8221;4.16&#8243; _module_preset=&#8221;default&#8221; animation_style=&#8221;fold&#8221; animation_direction=&#8221;bottom&#8221; border_radii=&#8221;off|50px||50px|&#8221; border_width_top=&#8221;4px&#8221; border_color_top=&#8221;gcid-cbf296af-5377-4257-8cc2-dac943cb2d49&#8243; border_width_right=&#8221;4px&#8221; border_color_right=&#8221;gcid-a831910f-8668-428f-9229-68effa3f6744&#8243; global_colors_info=&#8221;{%22gcid-cbf296af-5377-4257-8cc2-dac943cb2d49%22:%91%22border_color_top%22%93,%22gcid-a831910f-8668-428f-9229-68effa3f6744%22:%91%22border_color_right%22%93}&#8221;][\/et_pb_image][et_pb_text _builder_version=&#8221;4.16&#8243; _module_preset=&#8221;default&#8221; header_font=&#8221;Combo|700|||||||&#8221; header_text_align=&#8221;center&#8221; header_text_color=&#8221;gcid-24df1a3f-4abc-42bc-9ec3-1e6fc2589de4&#8243; header_font_size=&#8221;45px&#8221; animation_style=&#8221;zoom&#8221; global_colors_info=&#8221;{%22gcid-24df1a3f-4abc-42bc-9ec3-1e6fc2589de4%22:%91%22header_text_color%22%93}&#8221;]<\/p>\n<h1>SMYK \u2013 \u201eszcz\u0119\u015bliwe dzieci, zadowoleni rodzice\u201d<\/h1>\n<p>[\/et_pb_text][et_pb_text _builder_version=&#8221;4.16&#8243; _module_preset=&#8221;default&#8221; text_font=&#8221;Combo||||||||&#8221; text_text_color=&#8221;#000000&#8243; text_font_size=&#8221;18px&#8221; text_orientation=&#8221;center&#8221; animation_style=&#8221;flip&#8221; global_colors_info=&#8221;{}&#8221;]<\/p>\n<p>Prywatne Przedszkole <strong>\u201eSmyk\u201d<\/strong> zaprasza dzieci od 2- 6 roku \u017cycia.<\/p>\n<p>[\/et_pb_text][et_pb_text _builder_version=&#8221;4.16&#8243; _module_preset=&#8221;default&#8221; text_font=&#8221;Combo|700|||||||&#8221; text_text_color=&#8221;gcid-24df1a3f-4abc-42bc-9ec3-1e6fc2589de4&#8243; text_font_size=&#8221;20px&#8221; text_orientation=&#8221;center&#8221; animation_style=&#8221;flip&#8221; global_colors_info=&#8221;{%22gcid-a831910f-8668-428f-9229-68effa3f6744%22:%91%93,%22gcid-24df1a3f-4abc-42bc-9ec3-1e6fc2589de4%22:%91%22text_text_color%22%93,%22gcid-149c20a1-c832-468d-bdc6-b6d3879e8c5e%22:%91%93,%22gcid-3b8c3e40-536d-45e6-8ede-6833e503613c%22:%91%93}&#8221;]<\/p>\n<p>Jeste\u015bmy otwarci\u00a0 w godzinach od <strong>7:00<\/strong> do <strong>18:00<\/strong> przez ca\u0142y rok kalendarzowy r\u00f3wnie\u017c podczas miesi\u0119cy wakacyjnych.<\/p>\n<p>[\/et_pb_text][\/et_pb_column][et_pb_column type=&#8221;3_5&#8243; _builder_version=&#8221;4.16&#8243; _module_preset=&#8221;default&#8221; global_colors_info=&#8221;{}&#8221;][et_pb_text_divider cwp_select_style=&#8221;fancy&#8221; cwp_style_fancy=&#8221;wavy&#8221; divider_title=&#8221;O NAS&#8221; _builder_version=&#8221;4.16&#8243; _module_preset=&#8221;default&#8221; header_text_level=&#8221;h1&#8243; header_text_font=&#8221;Combo|700|||||||&#8221; header_text_text_color=&#8221;gcid-3b8c3e40-536d-45e6-8ede-6833e503613c&#8221; header_text_font_size=&#8221;35px&#8221; custom_margin=&#8221;||3px|||&#8221; locked=&#8221;off&#8221; global_colors_info=&#8221;{%22gcid-3b8c3e40-536d-45e6-8ede-6833e503613c%22:%91%22header_text_text_color%22%93}&#8221;][\/et_pb_text_divider][et_pb_text _builder_version=&#8221;4.27.4&#8243; _module_preset=&#8221;default&#8221; text_font=&#8221;Lato||||||||&#8221; text_text_color=&#8221;#000000&#8243; text_font_size=&#8221;15px&#8221; custom_margin=&#8221;||6px|||&#8221; animation_style=&#8221;slide&#8221; animation_direction=&#8221;right&#8221; hover_enabled=&#8221;0&#8243; global_colors_info=&#8221;{}&#8221; sticky_enabled=&#8221;0&#8243;]<\/p>\n<div><b>Smyk to kameralne przedszkole blisko\u015bciowe,wyj\u0105tkowe miejsce dla dzieci, w kt\u00f3rym priorytetem jest budowanie ciep\u0142ych, bezpiecznych i pe\u0142nych szacunku relacji. Opiera si\u0119 na filozofii rodzicielstwa blisko\u015bci, co oznacza, \u017ce wychowawcy k\u0142ad\u0105 nacisk na empati\u0119, uwa\u017cno\u015b\u0107 i indywidualne potrzeby ka\u017cdego dziecka.<\/b><\/div>\n<div><b>\u00a0<\/b><\/div>\n<div><b>To miejsce, w kt\u00f3rym dzieci nie tylko zdobywaj\u0105 wiedz\u0119, ale tak\u017ce ucz\u0105 si\u0119 budowania relacji, empatii i samodzielno\u015bci. Kameralna atmosfera sprawia, \u017ce maluchy czuj\u0105 si\u0119 jak w domu \u2013 otoczone trosk\u0105, zrozumieniem i akceptacj\u0105. <\/b><\/div>\n<div><b>\u00a0<\/b><\/div>\n<div><b>Co nas wyr\u00f3\u017cnia?<\/b><\/div>\n<div><b>\u00a0<\/b><\/div>\n<div>\u2705<b> Pozytywna Dyscyplina \u2013 Zamiast kar i nagr\u00f3d, wspieramy dzieci w nauce odpowiedzialno\u015bci i wsp\u00f3\u0142pracy poprzez empati\u0119, wyznaczanie granic i budowanie poczucia w\u0142asnej warto\u015bci.<\/b><\/div>\n<div><b>\u00a0<\/b><\/div>\n<div>\u2705<b> Porozumienie bez Przemocy (NVC) \u2013 Uczymy dzieci wyra\u017cania emocji, rozpoznawania potrzeb i komunikowania si\u0119 w spos\u00f3b pe\u0142en szacunku, co pomaga w budowaniu zdrowych relacji z innymi.<\/b><\/div>\n<div><b>\u00a0<\/b><\/div>\n<div>\u2705<b> Elementy Treningu Umiej\u0119tno\u015bci Spo\u0142ecznych (TUS) \u2013 Wspieramy dzieci w rozwijaniu umiej\u0119tno\u015bci komunikacyjnych, rozwi\u0105zywania konflikt\u00f3w, wsp\u00f3\u0142pracy i budowania pozytywnych relacji w grupie.<\/b><\/div>\n<div><b>\u00a0<\/b><\/div>\n<div>\u2705<b> Pedagogika Reggio Emilia \u2013 Stwarzamy warunki do samodzielnego odkrywania \u015bwiata i uczenia si\u0119 poprzez do\u015bwiadczenie. W naszym przedszkolu dzieci maj\u0105 wp\u0142yw na swoj\u0105 edukacj\u0119, a nauczyciele pe\u0142ni\u0105 rol\u0119 wspieraj\u0105cych przewodnik\u00f3w.<\/b><\/div>\n<div><b>\u00a0<\/b><\/div>\n<div>\u2705<b> Kameralna atmosfera \u2013 Ma\u0142e grupy pozwalaj\u0105 nam skupi\u0107 si\u0119 na ka\u017cdym dziecku, dostosowuj\u0105c podej\u015bcie do jego indywidualnych potrzeb i tempa rozwoju.<\/b><\/div>\n<div><b>\u00a0<\/b><\/div>\n<div>\u2705<b> Swobodna zabawa i nauka przez do\u015bwiadczenie \u2013 Dzieci ucz\u0105 si\u0119 poprzez dzia\u0142anie, eksperymentowanie i wsp\u00f3\u0142prac\u0119. Wspieramy ich naturaln\u0105 ciekawo\u015b\u0107 i kreatywno\u015b\u0107, daj\u0105c im przestrze\u0144 do samodzielnego odkrywania \u015bwiata.<\/b><\/div>\n<div><b>\u00a0<\/b><\/div>\n<div>\u2705<b> Blisko\u015b\u0107 natury \u2013 Regularny kontakt z przyrod\u0105 wspiera rozw\u00f3j sensoryczny, emocjonalny i spo\u0142eczny dzieci. Kazdego dnia sp\u0119dzamy czas na \u015bwie\u017cym powietrzu, eksploruj\u0105c otoczenie i rozwijaj\u0105c wi\u0119\u017a z natur\u0105.<\/b><\/div>\n<p>[\/et_pb_text][\/et_pb_column][\/et_pb_row][et_pb_row _builder_version=&#8221;4.16&#8243; _module_preset=&#8221;default&#8221; global_colors_info=&#8221;{}&#8221;][et_pb_column type=&#8221;4_4&#8243; _builder_version=&#8221;4.16&#8243; _module_preset=&#8221;default&#8221; global_colors_info=&#8221;{}&#8221;][et_pb_text _builder_version=&#8221;4.16&#8243; _module_preset=&#8221;default&#8221; header_font=&#8221;Combo|700|||||||&#8221; header_text_align=&#8221;center&#8221; header_text_color=&#8221;gcid-cbf296af-5377-4257-8cc2-dac943cb2d49&#8243; header_font_size=&#8221;45px&#8221; animation_style=&#8221;flip&#8221; global_colors_info=&#8221;{%22gcid-cbf296af-5377-4257-8cc2-dac943cb2d49%22:%91%22header_text_color%22%93}&#8221;]<\/p>\n<h1>Zapraszamy do <strong>\u201eSmyka\u201d<\/strong><\/h1>\n<p>[\/et_pb_text][\/et_pb_column][\/et_pb_row][\/et_pb_section]<\/p>\n","protected":false},"excerpt":{"rendered":"<p>SMYK \u2013 \u201eszcz\u0119\u015bliwe dzieci, zadowoleni rodzice\u201dPrywatne Przedszkole \u201eSmyk\u201d zaprasza dzieci od 2- 6 roku \u017cycia.Jeste\u015bmy otwarci\u00a0 w godzinach od 7:00 do 18:00 przez ca\u0142y rok kalendarzowy r\u00f3wnie\u017c podczas miesi\u0119cy wakacyjnych.Smyk to kameralne przedszkole blisko\u015bciowe,wyj\u0105tkowe miejsce dla dzieci, w kt\u00f3rym priorytetem jest budowanie ciep\u0142ych, bezpiecznych i pe\u0142nych szacunku relacji. Opiera si\u0119 na filozofii rodzicielstwa blisko\u015bci, co [&hellip;]<\/p>\n","protected":false},"author":1,"featured_media":0,"parent":0,"menu_order":0,"comment_status":"closed","ping_status":"closed","template":"","meta":{"_et_pb_use_builder":"on","_et_pb_old_content":"<p style=\"text-align: center\"><a href=\"http:\/\/www.smykprzedszkole.com.pl\/stawowa\/files\/2010\/11\/informacje_ogolne.jpg\"><img class=\"alignleft size-medium wp-image-186\" src=\"http:\/\/www.smykprzedszkole.com.pl\/stawowa\/files\/2010\/11\/informacje_ogolne-300x300.jpg\" alt=\"\" width=\"300\" height=\"300\" \/><\/a><\/p>\r\n<p style=\"text-align: center\"><span style=\"color: #0000ff\">\"SMYK - szcz\u0119\u015bliwe dzieci, zadowoleni rodzice\"<\/span><\/p>\r\n<p style=\"text-align: center\"><span style=\"text-decoration: underline\"><span style=\"color: #000000;text-decoration: underline\">Prywatne Przedszkole \u201eSmyk\u201d zaprasza dzieci od 2- 6 roku \u017cycia, jeste\u015bmy otwarci\u00a0 w godzinach od 7:00 do 18:00 przez ca\u0142y rok kalendarzowy r\u00f3wnie\u017c podczas miesi\u0119cy wakacyjnych.<\/span><\/span><\/p>\r\n<p style=\"text-align: justify\"><span lang=\"PL\" style=\"font-size: 12.0pt;line-height: 115%;font-family: 'Times New Roman'\">Ju\u017c od 13 lat pracujemy w duchu powy\u017cszej maksymy, czuwaj\u0105c nad tym by nasi wychowankowie byli rado\u015bni a ich rodzice spokojni, gdy ka\u017cdego dnia zostawiaj\u0105 nam pod opiek\u0105 sw\u00f3j najwi\u0119kszy skarb \u2013 w\u0142asne dziecko. <\/span><\/p>\r\n<p style=\"text-align: justify\"><span lang=\"PL\" style=\"font-size: 12.0pt;line-height: 115%;font-family: 'Times New Roman'\">D\u0142ugoletnie do\u015bwiadczenie, setki ma\u0142ych absolwent\u00f3w daj\u0105 ogromn\u0105 satysfakcj\u0119 z tego, co robimy na co dzie\u0144 i motywuj\u0105 do dalszej pracy. Czas nauki, \u201epr\u00f3b i b\u0142\u0119d\u00f3w\u201d mamy ju\u017c za sob\u0105, dlatego dajemy naszym przedszkolakom wszystko, co najlepsze. Nasza oferta to przede wszystkim <strong>sta\u0142a wykwalifikowana kadra<\/strong>, liczne <strong>zaj\u0119cia dodatkowe<\/strong> prowadzone przez sprawdzonych instruktor\u00f3w, starannie <strong>wyselekcjonowane programy dydaktyczne i metody wychowawcze<\/strong>, <strong>autorskie cykle zaj\u0119\u0107<\/strong>. Nie osiadamy jednak na laurach, jeste\u015bmy czujni na wszystkie przedszkolne nowo\u015bci \u2013 z naszym do\u015bwiadczeniem, znajomo\u015bci\u0105 potrzeb dzieci i ich rodzic\u00f3w uwa\u017cnie wybieramy to, co naprawd\u0119 wzbogaca nasz\u0105 ofert\u0119 i daje realne efekty w codziennej pracy.<\/span><\/p>\r\n<p style=\"text-align: justify\"><span lang=\"PL\" style=\"font-size: 12.0pt;line-height: 115%;font-family: 'Times New Roman'\">Budynek przedszkola mie\u015bci si\u0119 w malowniczej, zielonej\u00a0 okolicy Staw\u00f3w Goliana, z dala od miejskiego zgie\u0142ku.\u00a0Do w\u0142asnej dyspozycji mamy du\u017cy, bezpieczny plac zabaw z wieloma urz\u0105dzeniami zabawowymi. W budynku przedszkola znajduje si\u0119 kuchnia, w kt\u00f3rej przygotowujemy smaczne i zdrowe posi\u0142ki dla naszych wychowank\u00f3w. T\u0119czowe kolory, bajkowe postaci, barwne dekoracje zdobi\u0105 \u015bciany sal, w kt\u00f3rych dzieci dobrze si\u0119 czuj\u0105, bo wyrastaj\u0105 w poczuciu, \u017ce ich dzieci\u0144stwo jest kolorowe i radosne.\u00a0 <\/span><\/p>\r\n<p style=\"text-align: justify\"><span lang=\"PL\" style=\"font-size: 12.0pt;line-height: 115%;font-family: 'Times New Roman'\">\u201eKa\u017cdy smyk\u201d jest inny, dlatego w naszej pracy realizujemy indywidualne podej\u015bcie, kt\u00f3re pomaga dziecku rozwija\u0107 talenty i wrodzone predyspozycje. Ciekawo\u015b\u0107 \u015bwiata, tw\u00f3rcze podej\u015bcie do rzeczywisto\u015bci, umiej\u0119tno\u015b\u0107 wsp\u00f3\u0142pracy, zaufanie \u2013 to fundamentalne zasady, kt\u00f3rym sprzyjanie pomaga budowa\u0107 silne i ciekawe osobowo\u015bci. To w\u0142a\u015bnie w okresie dzieci\u0144stwa dziecko uczy si\u0119 najwi\u0119cej i najszybciej, dlatego wsp\u00f3lnie mo\u017cemy stworzy\u0107 najlepsze warunki rozwoju Pa\u0144stwa pociechy. Zapraszamy do \u201eSmyka\u201d <img class=\"wp-smiley\" src=\"http:\/\/www.przedszkole-smyk.com.pl\/wp-includes\/images\/smilies\/icon_smile.gif\" alt=\":)\" \/> <\/span><\/p>","_et_gb_content_width":"","footnotes":""},"class_list":["post-12","page","type-page","status-publish","hentry"],"aioseo_notices":[],"publishpress_future_action":{"enabled":false,"date":"2026-05-09 05:18:35","action":"change-status","newStatus":"draft","terms":[],"taxonomy":"","extraData":[]},"publishpress_future_workflow_manual_trigger":{"enabledWorkflows":[]},"_links":{"self":[{"href":"https:\/\/www.smykprzedszkole.com.pl\/stawowa\/wp-json\/wp\/v2\/pages\/12","targetHints":{"allow":["GET"]}}],"collection":[{"href":"https:\/\/www.smykprzedszkole.com.pl\/stawowa\/wp-json\/wp\/v2\/pages"}],"about":[{"href":"https:\/\/www.smykprzedszkole.com.pl\/stawowa\/wp-json\/wp\/v2\/types\/page"}],"author":[{"embeddable":true,"href":"https:\/\/www.smykprzedszkole.com.pl\/stawowa\/wp-json\/wp\/v2\/users\/1"}],"replies":[{"embeddable":true,"href":"https:\/\/www.smykprzedszkole.com.pl\/stawowa\/wp-json\/wp\/v2\/comments?post=12"}],"version-history":[{"count":34,"href":"https:\/\/www.smykprzedszkole.com.pl\/stawowa\/wp-json\/wp\/v2\/pages\/12\/revisions"}],"predecessor-version":[{"id":237976,"href":"https:\/\/www.smykprzedszkole.com.pl\/stawowa\/wp-json\/wp\/v2\/pages\/12\/revisions\/237976"}],"wp:attachment":[{"href":"https:\/\/www.smykprzedszkole.com.pl\/stawowa\/wp-json\/wp\/v2\/media?parent=12"}],"curies":[{"name":"wp","href":"https:\/\/api.w.org\/{rel}","templated":true}]}}